{"id":3837,"date":"2023-05-29T11:54:20","date_gmt":"2023-05-29T11:54:20","guid":{"rendered":"https:\/\/vendemivivienda.com\/?page_id=3837"},"modified":"2026-04-24T18:19:09","modified_gmt":"2026-04-24T18:19:09","slug":"artiklar-av-intresse","status":"publish","type":"page","link":"https:\/\/vendemivivienda.com\/sv\/artiklar-av-intresse\/","title":{"rendered":"ARTIKLAR AV INTRESSE"},"content":{"rendered":"<div id='av_section_1'  class='avia-section av-av_section-f716ba51e7bf82947c918c6ed882cb73 main_color avia-section-default avia-no-border-styling  avia-builder-el-0  avia-builder-el-no-sibling  avia-bg-style-scroll container_wrap fullsize'  ><div class='container av-section-cont-open' ><main  role=\"main\" itemprop=\"mainContentOfPage\"  class='template-page content  av-content-full alpha units'><div class='post-entry post-entry-type-page post-entry-3837'><div class='entry-content-wrapper clearfix'>\n<div  class='av-alb-blogposts template-blog  av-blog-meta-author-disabled av-blog-meta-comments-disabled av-blog-meta-category-disabled av-blog-meta-date-disabled av-blog-meta-html-info-disabled av-blog-meta-tag-disabled '  itemscope=\"itemscope\" itemtype=\"https:\/\/schema.org\/Blog\" ><article class=\"post-entry post-entry-type-standard post-entry-3868 post-loop-1 post-parity-odd single-big with-slider post-3868 post type-post status-publish format-standard has-post-thumbnail hentry category-okategoriserad\"  itemscope=\"itemscope\" itemtype=\"https:\/\/schema.org\/BlogPosting\" ><div class=\"big-preview single-big\"  itemprop=\"image\" itemscope=\"itemscope\" itemtype=\"https:\/\/schema.org\/ImageObject\" ><a href=\"https:\/\/vendemivivienda.com\/sv\/fordelar-med-att-anlita-en-svensk-fastighetsbyra-att-salja-din-bostad-pa-costa-blanca\/\"  title=\"Santa Pola\" ><img decoding=\"async\" loading=\"lazy\" width=\"1920\" height=\"900\" src=\"https:\/\/vendemivivienda.com\/wp-content\/uploads\/2025\/08\/articulo_santa_pola.jpg\" class=\"wp-image-3867 avia-img-lazy-loading-3867 attachment-no scaling size-no scaling wp-post-image\" alt=\"\" srcset=\"https:\/\/vendemivivienda.com\/wp-content\/uploads\/2025\/08\/articulo_santa_pola.jpg 1920w, https:\/\/vendemivivienda.com\/wp-content\/uploads\/2025\/08\/articulo_santa_pola-300x141.jpg 300w, https:\/\/vendemivivienda.com\/wp-content\/uploads\/2025\/08\/articulo_santa_pola-1030x483.jpg 1030w, https:\/\/vendemivivienda.com\/wp-content\/uploads\/2025\/08\/articulo_santa_pola-768x360.jpg 768w, https:\/\/vendemivivienda.com\/wp-content\/uploads\/2025\/08\/articulo_santa_pola-1536x720.jpg 1536w, https:\/\/vendemivivienda.com\/wp-content\/uploads\/2025\/08\/articulo_santa_pola-1500x703.jpg 1500w, https:\/\/vendemivivienda.com\/wp-content\/uploads\/2025\/08\/articulo_santa_pola-705x330.jpg 705w\" sizes=\"auto, (max-width: 1920px) 100vw, 1920px\" \/><\/a><\/div><div class=\"blog-meta\"><\/div><div class='entry-content-wrapper clearfix standard-content'><header class=\"entry-content-header\" aria-label=\"Post: F\u00f6rdelar med att anlita en svensk fastighetsbyr\u00e5 att s\u00e4lja din bostad p\u00e5 Costa Blanca\"><h2 class='post-title entry-title '  itemprop=\"headline\" ><a href=\"https:\/\/vendemivivienda.com\/sv\/fordelar-med-att-anlita-en-svensk-fastighetsbyra-att-salja-din-bostad-pa-costa-blanca\/\" rel=\"bookmark\" title=\"Permanent l\u00e4nk: F\u00f6rdelar med att anlita en svensk fastighetsbyr\u00e5 att s\u00e4lja din bostad p\u00e5 Costa Blanca\">F\u00f6rdelar med att anlita en svensk fastighetsbyr\u00e5 att s\u00e4lja din bostad p\u00e5 Costa Blanca<span class=\"post-format-icon minor-meta\"><\/span><\/a><\/h2><span class=\"post-meta-infos\"><\/span><\/header><div class=\"entry-content\"  itemprop=\"text\" ><p>F\u00f6rdelar med att anlita en svensk fastighetsbyr\u00e5 att s\u00e4lja din bostad p\u00e5 Costa Blanca<\/p>\n<p>Att s\u00e4lja en bostad beh\u00f6ver inte vara kr\u00e5ngligt \u2013 men det g\u00e4ller att v\u00e4lja sin m\u00e4klare med omsorg.<\/p>\n<p>Med oss f\u00e5r du n\u00e5gon som faktiskt kan omr\u00e5det, f\u00f6rst\u00e5r hur marknaden fungerar och vet vad som kr\u00e4vs f\u00f6r att f\u00e5 din bostad s\u00e5ld p\u00e5 ett tryggt s\u00e4tt.<\/p>\n<p>Vi \u00e4r den st\u00f6rsta svenska m\u00e4klaren p\u00e5 Costa Blanca, med 8 kontor och ca 40 svensktalande m\u00e4klare p\u00e5 plats. Det betyder att du alltid har n\u00e5gon n\u00e4ra till hands som kan guida dig r\u00e4tt och ta hand om hela processen \u2013 utan stress och on\u00f6diga problem.<\/p>\n<div class=\"read-more-link\"><a href=\"https:\/\/vendemivivienda.com\/sv\/fordelar-med-att-anlita-en-svensk-fastighetsbyra-att-salja-din-bostad-pa-costa-blanca\/\" class=\"more-link\">L\u00e4s mer<span class='more-link-arrow avia-svg-icon avia-font-svg_entypo-fontello' data-av_svg_icon='right-open-big' data-av_iconset='svg_entypo-fontello'><svg version=\"1.1\" xmlns=\"http:\/\/www.w3.org\/2000\/svg\" width=\"15\" height=\"32\" viewBox=\"0 0 15 32\" preserveAspectRatio=\"xMidYMid meet\" role=\"graphics-symbol\" aria-hidden=\"true\">\n<path d=\"M0.416 27.84l11.456-11.84-11.456-11.904q-0.832-0.832 0-1.536 0.832-0.832 1.536 0l12.544 12.608q0.768 0.832 0 1.6l-12.544 12.608q-0.704 0.832-1.536 0-0.832-0.704 0-1.536z\"><\/path>\n<\/svg><\/span><\/a><\/div>\n<\/div><footer class=\"entry-footer\"><\/footer><div class='post_delimiter'><\/div><\/div><div class=\"post_author_timeline\"><\/div><span class='hidden'>\n\t\t\t\t<span class='av-structured-data'  itemprop=\"image\" itemscope=\"itemscope\" itemtype=\"https:\/\/schema.org\/ImageObject\" >\n\t\t\t\t\t\t<span itemprop='url'>https:\/\/vendemivivienda.com\/wp-content\/uploads\/2025\/08\/articulo_santa_pola.jpg<\/span>\n\t\t\t\t\t\t<span itemprop='height'>900<\/span>\n\t\t\t\t\t\t<span itemprop='width'>1920<\/span>\n\t\t\t\t<\/span>\n\t\t\t\t<span class='av-structured-data'  itemprop=\"publisher\" itemtype=\"https:\/\/schema.org\/Organization\" itemscope=\"itemscope\" >\n\t\t\t\t\t\t<span itemprop='name'>admin<\/span>\n\t\t\t\t\t\t<span itemprop='logo' itemscope itemtype='https:\/\/schema.org\/ImageObject'>\n\t\t\t\t\t\t\t<span itemprop='url'>https:\/\/vendemivivienda.com\/wp-content\/uploads\/2025\/07\/logo-1.png<\/span>\n\t\t\t\t\t\t<\/span>\n\t\t\t\t<\/span><span class='av-structured-data'  itemprop=\"author\" itemscope=\"itemscope\" itemtype=\"https:\/\/schema.org\/Person\" ><span itemprop='name'>admin<\/span><\/span><span class='av-structured-data'  itemprop=\"datePublished\" datetime=\"2025-08-03T12:00:05+00:00\" >2025-08-03 12:00:05<\/span><span class='av-structured-data'  itemprop=\"dateModified\" itemtype=\"https:\/\/schema.org\/dateModified\" >2026-04-24 19:54:18<\/span><span class='av-structured-data'  itemprop=\"mainEntityOfPage\" itemtype=\"https:\/\/schema.org\/mainEntityOfPage\" ><span itemprop='name'>F\u00f6rdelar med att anlita en svensk fastighetsbyr\u00e5 att s\u00e4lja din bostad p\u00e5 Costa Blanca<\/span><\/span><\/span><\/article><article class=\"post-entry post-entry-type-standard post-entry-3875 post-loop-2 post-parity-even single-big with-slider post-3875 post type-post status-publish format-standard has-post-thumbnail hentry category-okategoriserad\"  itemscope=\"itemscope\" itemtype=\"https:\/\/schema.org\/BlogPosting\" ><div class=\"big-preview single-big\"  itemprop=\"image\" itemscope=\"itemscope\" itemtype=\"https:\/\/schema.org\/ImageObject\" ><a href=\"https:\/\/vendemivivienda.com\/sv\/salja-bostad-pa-costa-blanca-sa-lyckas-du-i-alicante-och-torrevieja\/\"  title=\"Alicante (desde el Castillo)\" ><img decoding=\"async\" loading=\"lazy\" width=\"1920\" height=\"900\" src=\"https:\/\/vendemivivienda.com\/wp-content\/uploads\/2025\/08\/articulo_alicante_2.jpg\" class=\"wp-image-3874 avia-img-lazy-loading-3874 attachment-no scaling size-no scaling wp-post-image\" alt=\"\" srcset=\"https:\/\/vendemivivienda.com\/wp-content\/uploads\/2025\/08\/articulo_alicante_2.jpg 1920w, https:\/\/vendemivivienda.com\/wp-content\/uploads\/2025\/08\/articulo_alicante_2-300x141.jpg 300w, https:\/\/vendemivivienda.com\/wp-content\/uploads\/2025\/08\/articulo_alicante_2-1030x483.jpg 1030w, https:\/\/vendemivivienda.com\/wp-content\/uploads\/2025\/08\/articulo_alicante_2-768x360.jpg 768w, https:\/\/vendemivivienda.com\/wp-content\/uploads\/2025\/08\/articulo_alicante_2-1536x720.jpg 1536w, https:\/\/vendemivivienda.com\/wp-content\/uploads\/2025\/08\/articulo_alicante_2-1500x703.jpg 1500w, https:\/\/vendemivivienda.com\/wp-content\/uploads\/2025\/08\/articulo_alicante_2-705x330.jpg 705w\" sizes=\"auto, (max-width: 1920px) 100vw, 1920px\" \/><\/a><\/div><div class=\"blog-meta\"><\/div><div class='entry-content-wrapper clearfix standard-content'><header class=\"entry-content-header\" aria-label=\"Post: S\u00e4lja bostad p\u00e5 Costa Blanca \u2013 s\u00e5 lyckas du i Alicante och Torrevieja\"><h2 class='post-title entry-title '  itemprop=\"headline\" ><a href=\"https:\/\/vendemivivienda.com\/sv\/salja-bostad-pa-costa-blanca-sa-lyckas-du-i-alicante-och-torrevieja\/\" rel=\"bookmark\" title=\"Permanent l\u00e4nk: S\u00e4lja bostad p\u00e5 Costa Blanca \u2013 s\u00e5 lyckas du i Alicante och Torrevieja\">S\u00e4lja bostad p\u00e5 Costa Blanca \u2013 s\u00e5 lyckas du i Alicante och Torrevieja<span class=\"post-format-icon minor-meta\"><\/span><\/a><\/h2><span class=\"post-meta-infos\"><\/span><\/header><div class=\"entry-content\"  itemprop=\"text\" ><p>S\u00e4lja bostad p\u00e5 Costa Blanca \u2013 s\u00e5 lyckas du i Alicante och Torrevieja<\/p>\n<p>Att s\u00e4lja en bostad p\u00e5 Costa Blanca kr\u00e4ver mer \u00e4n att bara l\u00e4gga ut en annons. Marknaden f\u00f6r\u00e4ndras snabbt, och med r\u00e4tt strategi \u2013 och r\u00e4tt m\u00e4klare i Alicante och Torrevieja \u2013 kan du b\u00e5de s\u00e4lja snabbare och f\u00e5 b\u00e4ttre betalt.<br \/>\nSom den st\u00f6rsta svenska m\u00e4klaren p\u00e5 plats h\u00e4r p\u00e5 Costa Blanca, har vi branschens mest attraktiva kundregister, b\u00e5de f\u00f6r svenska och spanska k\u00f6pare samt alla andra nationaliteter som just nu s\u00f6ker boende d\u00e4r du bor.<br \/>\nVi har stora exponeringsytor p\u00e5 Alicantes och Torreviejas mest trafikerade och popul\u00e4ra adresser. V\u00e5ra skyltf\u00f6nster passeras av tusentals spanjorer och turister varje dag vilket ger din bostad en extra f\u00f6rdel. Ut\u00f6ver traditionella kanaler som Idealista har vi \u00e4ven marknadsf\u00f6ring som n\u00e5r ut i hela Europa.<\/p>\n<div class=\"read-more-link\"><a href=\"https:\/\/vendemivivienda.com\/sv\/salja-bostad-pa-costa-blanca-sa-lyckas-du-i-alicante-och-torrevieja\/\" class=\"more-link\">L\u00e4s mer<span class='more-link-arrow avia-svg-icon avia-font-svg_entypo-fontello' data-av_svg_icon='right-open-big' data-av_iconset='svg_entypo-fontello'><svg version=\"1.1\" xmlns=\"http:\/\/www.w3.org\/2000\/svg\" width=\"15\" height=\"32\" viewBox=\"0 0 15 32\" preserveAspectRatio=\"xMidYMid meet\" role=\"graphics-symbol\" aria-hidden=\"true\">\n<path d=\"M0.416 27.84l11.456-11.84-11.456-11.904q-0.832-0.832 0-1.536 0.832-0.832 1.536 0l12.544 12.608q0.768 0.832 0 1.6l-12.544 12.608q-0.704 0.832-1.536 0-0.832-0.704 0-1.536z\"><\/path>\n<\/svg><\/span><\/a><\/div>\n<\/div><footer class=\"entry-footer\"><\/footer><div class='post_delimiter'><\/div><\/div><div class=\"post_author_timeline\"><\/div><span class='hidden'>\n\t\t\t\t<span class='av-structured-data'  itemprop=\"image\" itemscope=\"itemscope\" itemtype=\"https:\/\/schema.org\/ImageObject\" >\n\t\t\t\t\t\t<span itemprop='url'>https:\/\/vendemivivienda.com\/wp-content\/uploads\/2025\/08\/articulo_alicante_2.jpg<\/span>\n\t\t\t\t\t\t<span itemprop='height'>900<\/span>\n\t\t\t\t\t\t<span itemprop='width'>1920<\/span>\n\t\t\t\t<\/span>\n\t\t\t\t<span class='av-structured-data'  itemprop=\"publisher\" itemtype=\"https:\/\/schema.org\/Organization\" itemscope=\"itemscope\" >\n\t\t\t\t\t\t<span itemprop='name'>admin<\/span>\n\t\t\t\t\t\t<span itemprop='logo' itemscope itemtype='https:\/\/schema.org\/ImageObject'>\n\t\t\t\t\t\t\t<span itemprop='url'>https:\/\/vendemivivienda.com\/wp-content\/uploads\/2025\/07\/logo-1.png<\/span>\n\t\t\t\t\t\t<\/span>\n\t\t\t\t<\/span><span class='av-structured-data'  itemprop=\"author\" itemscope=\"itemscope\" itemtype=\"https:\/\/schema.org\/Person\" ><span itemprop='name'>admin<\/span><\/span><span class='av-structured-data'  itemprop=\"datePublished\" datetime=\"2025-07-30T12:00:55+00:00\" >2025-07-30 12:00:55<\/span><span class='av-structured-data'  itemprop=\"dateModified\" itemtype=\"https:\/\/schema.org\/dateModified\" >2026-04-24 19:54:46<\/span><span class='av-structured-data'  itemprop=\"mainEntityOfPage\" itemtype=\"https:\/\/schema.org\/mainEntityOfPage\" ><span itemprop='name'>S\u00e4lja bostad p\u00e5 Costa Blanca \u2013 s\u00e5 lyckas du i Alicante och Torrevieja<\/span><\/span><\/span><\/article><article class=\"post-entry post-entry-type-standard post-entry-3881 post-loop-3 post-parity-odd single-big with-slider post-3881 post type-post status-publish format-standard has-post-thumbnail hentry category-okategoriserad\"  itemscope=\"itemscope\" itemtype=\"https:\/\/schema.org\/BlogPosting\" ><div class=\"big-preview single-big\"  itemprop=\"image\" itemscope=\"itemscope\" itemtype=\"https:\/\/schema.org\/ImageObject\" ><a href=\"https:\/\/vendemivivienda.com\/sv\/varfor-costa-blanca-ar-ett-av-spaniens-mest-efterfragade-omraden\/\"  title=\"J\u00e1vea\" ><img decoding=\"async\" loading=\"lazy\" width=\"1920\" height=\"900\" src=\"https:\/\/vendemivivienda.com\/wp-content\/uploads\/2025\/08\/articulo_javea.jpg\" class=\"wp-image-3880 avia-img-lazy-loading-3880 attachment-no scaling size-no scaling wp-post-image\" alt=\"\" srcset=\"https:\/\/vendemivivienda.com\/wp-content\/uploads\/2025\/08\/articulo_javea.jpg 1920w, https:\/\/vendemivivienda.com\/wp-content\/uploads\/2025\/08\/articulo_javea-300x141.jpg 300w, https:\/\/vendemivivienda.com\/wp-content\/uploads\/2025\/08\/articulo_javea-1030x483.jpg 1030w, https:\/\/vendemivivienda.com\/wp-content\/uploads\/2025\/08\/articulo_javea-768x360.jpg 768w, https:\/\/vendemivivienda.com\/wp-content\/uploads\/2025\/08\/articulo_javea-1536x720.jpg 1536w, https:\/\/vendemivivienda.com\/wp-content\/uploads\/2025\/08\/articulo_javea-1500x703.jpg 1500w, https:\/\/vendemivivienda.com\/wp-content\/uploads\/2025\/08\/articulo_javea-705x330.jpg 705w\" sizes=\"auto, (max-width: 1920px) 100vw, 1920px\" \/><\/a><\/div><div class=\"blog-meta\"><\/div><div class='entry-content-wrapper clearfix standard-content'><header class=\"entry-content-header\" aria-label=\"Post: Varf\u00f6r Costa Blanca \u00e4r ett av Spaniens mest efterfr\u00e5gade omr\u00e5den?\"><h2 class='post-title entry-title '  itemprop=\"headline\" ><a href=\"https:\/\/vendemivivienda.com\/sv\/varfor-costa-blanca-ar-ett-av-spaniens-mest-efterfragade-omraden\/\" rel=\"bookmark\" title=\"Permanent l\u00e4nk: Varf\u00f6r Costa Blanca \u00e4r ett av Spaniens mest efterfr\u00e5gade omr\u00e5den?\">Varf\u00f6r Costa Blanca \u00e4r ett av Spaniens mest efterfr\u00e5gade omr\u00e5den?<span class=\"post-format-icon minor-meta\"><\/span><\/a><\/h2><span class=\"post-meta-infos\"><\/span><\/header><div class=\"entry-content\"  itemprop=\"text\" ><p>Costa Blanca \u00e4r mer \u00e4n bara sol och str\u00e4nder \u2013 det \u00e4r en av Spaniens mest attraktiva regioner f\u00f6r b\u00e5de boende och investering. Med r\u00e4tt m\u00e4klare i Alicante och Torrevieja kan du som s\u00e4ljare dra full nytta av den h\u00f6ga efterfr\u00e5gan och n\u00e5 r\u00e4tt k\u00f6pare snabbare.<\/p>\n<div class=\"read-more-link\"><a href=\"https:\/\/vendemivivienda.com\/sv\/varfor-costa-blanca-ar-ett-av-spaniens-mest-efterfragade-omraden\/\" class=\"more-link\">L\u00e4s mer<span class='more-link-arrow avia-svg-icon avia-font-svg_entypo-fontello' data-av_svg_icon='right-open-big' data-av_iconset='svg_entypo-fontello'><svg version=\"1.1\" xmlns=\"http:\/\/www.w3.org\/2000\/svg\" width=\"15\" height=\"32\" viewBox=\"0 0 15 32\" preserveAspectRatio=\"xMidYMid meet\" role=\"graphics-symbol\" aria-hidden=\"true\">\n<path d=\"M0.416 27.84l11.456-11.84-11.456-11.904q-0.832-0.832 0-1.536 0.832-0.832 1.536 0l12.544 12.608q0.768 0.832 0 1.6l-12.544 12.608q-0.704 0.832-1.536 0-0.832-0.704 0-1.536z\"><\/path>\n<\/svg><\/span><\/a><\/div>\n<\/div><footer class=\"entry-footer\"><\/footer><div class='post_delimiter'><\/div><\/div><div class=\"post_author_timeline\"><\/div><span class='hidden'>\n\t\t\t\t<span class='av-structured-data'  itemprop=\"image\" itemscope=\"itemscope\" itemtype=\"https:\/\/schema.org\/ImageObject\" >\n\t\t\t\t\t\t<span itemprop='url'>https:\/\/vendemivivienda.com\/wp-content\/uploads\/2025\/08\/articulo_javea.jpg<\/span>\n\t\t\t\t\t\t<span itemprop='height'>900<\/span>\n\t\t\t\t\t\t<span itemprop='width'>1920<\/span>\n\t\t\t\t<\/span>\n\t\t\t\t<span class='av-structured-data'  itemprop=\"publisher\" itemtype=\"https:\/\/schema.org\/Organization\" itemscope=\"itemscope\" >\n\t\t\t\t\t\t<span itemprop='name'>admin<\/span>\n\t\t\t\t\t\t<span itemprop='logo' itemscope itemtype='https:\/\/schema.org\/ImageObject'>\n\t\t\t\t\t\t\t<span itemprop='url'>https:\/\/vendemivivienda.com\/wp-content\/uploads\/2025\/07\/logo-1.png<\/span>\n\t\t\t\t\t\t<\/span>\n\t\t\t\t<\/span><span class='av-structured-data'  itemprop=\"author\" itemscope=\"itemscope\" itemtype=\"https:\/\/schema.org\/Person\" ><span itemprop='name'>admin<\/span><\/span><span class='av-structured-data'  itemprop=\"datePublished\" datetime=\"2025-07-27T12:00:21+00:00\" >2025-07-27 12:00:21<\/span><span class='av-structured-data'  itemprop=\"dateModified\" itemtype=\"https:\/\/schema.org\/dateModified\" >2026-04-24 19:55:04<\/span><span class='av-structured-data'  itemprop=\"mainEntityOfPage\" itemtype=\"https:\/\/schema.org\/mainEntityOfPage\" ><span itemprop='name'>Varf\u00f6r Costa Blanca \u00e4r ett av Spaniens mest efterfr\u00e5gade omr\u00e5den?<\/span><\/span><\/span><\/article><article class=\"post-entry post-entry-type-standard post-entry-3886 post-loop-4 post-parity-even single-big with-slider post-3886 post type-post status-publish format-standard has-post-thumbnail hentry category-okategoriserad\"  itemscope=\"itemscope\" itemtype=\"https:\/\/schema.org\/BlogPosting\" ><div class=\"big-preview single-big\"  itemprop=\"image\" itemscope=\"itemscope\" itemtype=\"https:\/\/schema.org\/ImageObject\" ><a href=\"https:\/\/vendemivivienda.com\/sv\/salja-bostad-i-alicante-eller-torrevieja-sa-forbereder-du-din-bostad-for-snabbare-forsaljning-och-battre-pris\/\"  title=\"Villajoyosa\" ><img decoding=\"async\" loading=\"lazy\" width=\"1920\" height=\"900\" src=\"https:\/\/vendemivivienda.com\/wp-content\/uploads\/2025\/08\/articulo_villajoyosa.jpg\" class=\"wp-image-3885 avia-img-lazy-loading-3885 attachment-no scaling size-no scaling wp-post-image\" alt=\"\" srcset=\"https:\/\/vendemivivienda.com\/wp-content\/uploads\/2025\/08\/articulo_villajoyosa.jpg 1920w, https:\/\/vendemivivienda.com\/wp-content\/uploads\/2025\/08\/articulo_villajoyosa-300x141.jpg 300w, https:\/\/vendemivivienda.com\/wp-content\/uploads\/2025\/08\/articulo_villajoyosa-1030x483.jpg 1030w, https:\/\/vendemivivienda.com\/wp-content\/uploads\/2025\/08\/articulo_villajoyosa-768x360.jpg 768w, https:\/\/vendemivivienda.com\/wp-content\/uploads\/2025\/08\/articulo_villajoyosa-1536x720.jpg 1536w, https:\/\/vendemivivienda.com\/wp-content\/uploads\/2025\/08\/articulo_villajoyosa-1500x703.jpg 1500w, https:\/\/vendemivivienda.com\/wp-content\/uploads\/2025\/08\/articulo_villajoyosa-705x330.jpg 705w\" sizes=\"auto, (max-width: 1920px) 100vw, 1920px\" \/><\/a><\/div><div class=\"blog-meta\"><\/div><div class='entry-content-wrapper clearfix standard-content'><header class=\"entry-content-header\" aria-label=\"Post: S\u00e4lja bostad i Alicante eller Torrevieja? S\u00e5 f\u00f6rbereder du din bostad f\u00f6r snabbare f\u00f6rs\u00e4ljning och b\u00e4ttre pris.\"><h2 class='post-title entry-title '  itemprop=\"headline\" ><a href=\"https:\/\/vendemivivienda.com\/sv\/salja-bostad-i-alicante-eller-torrevieja-sa-forbereder-du-din-bostad-for-snabbare-forsaljning-och-battre-pris\/\" rel=\"bookmark\" title=\"Permanent l\u00e4nk: S\u00e4lja bostad i Alicante eller Torrevieja? S\u00e5 f\u00f6rbereder du din bostad f\u00f6r snabbare f\u00f6rs\u00e4ljning och b\u00e4ttre pris.\">S\u00e4lja bostad i Alicante eller Torrevieja? S\u00e5 f\u00f6rbereder du din bostad f\u00f6r snabbare f\u00f6rs\u00e4ljning och b\u00e4ttre pris.<span class=\"post-format-icon minor-meta\"><\/span><\/a><\/h2><span class=\"post-meta-infos\"><\/span><\/header><div class=\"entry-content\"  itemprop=\"text\" ><p>Att s\u00e4lja en bostad p\u00e5 Costa Blanca handlar inte bara om att l\u00e4gga ut en annons. Med r\u00e4tt f\u00f6rberedelser \u2013 och r\u00e4tt m\u00e4klare i Alicante och Torrevieja \u2013 kan du b\u00e5de s\u00e4lja snabbare och \u00f6ka slutpriset.<\/p>\n<p>H\u00e4r \u00e4r en enkel guide f\u00f6r att maximera v\u00e4rdet p\u00e5 din bostad inf\u00f6r f\u00f6rs\u00e4ljning.<\/p>\n<div class=\"read-more-link\"><a href=\"https:\/\/vendemivivienda.com\/sv\/salja-bostad-i-alicante-eller-torrevieja-sa-forbereder-du-din-bostad-for-snabbare-forsaljning-och-battre-pris\/\" class=\"more-link\">L\u00e4s mer<span class='more-link-arrow avia-svg-icon avia-font-svg_entypo-fontello' data-av_svg_icon='right-open-big' data-av_iconset='svg_entypo-fontello'><svg version=\"1.1\" xmlns=\"http:\/\/www.w3.org\/2000\/svg\" width=\"15\" height=\"32\" viewBox=\"0 0 15 32\" preserveAspectRatio=\"xMidYMid meet\" role=\"graphics-symbol\" aria-hidden=\"true\">\n<path d=\"M0.416 27.84l11.456-11.84-11.456-11.904q-0.832-0.832 0-1.536 0.832-0.832 1.536 0l12.544 12.608q0.768 0.832 0 1.6l-12.544 12.608q-0.704 0.832-1.536 0-0.832-0.704 0-1.536z\"><\/path>\n<\/svg><\/span><\/a><\/div>\n<\/div><footer class=\"entry-footer\"><\/footer><div class='post_delimiter'><\/div><\/div><div class=\"post_author_timeline\"><\/div><span class='hidden'>\n\t\t\t\t<span class='av-structured-data'  itemprop=\"image\" itemscope=\"itemscope\" itemtype=\"https:\/\/schema.org\/ImageObject\" >\n\t\t\t\t\t\t<span itemprop='url'>https:\/\/vendemivivienda.com\/wp-content\/uploads\/2025\/08\/articulo_villajoyosa.jpg<\/span>\n\t\t\t\t\t\t<span itemprop='height'>900<\/span>\n\t\t\t\t\t\t<span itemprop='width'>1920<\/span>\n\t\t\t\t<\/span>\n\t\t\t\t<span class='av-structured-data'  itemprop=\"publisher\" itemtype=\"https:\/\/schema.org\/Organization\" itemscope=\"itemscope\" >\n\t\t\t\t\t\t<span itemprop='name'>admin<\/span>\n\t\t\t\t\t\t<span itemprop='logo' itemscope itemtype='https:\/\/schema.org\/ImageObject'>\n\t\t\t\t\t\t\t<span itemprop='url'>https:\/\/vendemivivienda.com\/wp-content\/uploads\/2025\/07\/logo-1.png<\/span>\n\t\t\t\t\t\t<\/span>\n\t\t\t\t<\/span><span class='av-structured-data'  itemprop=\"author\" itemscope=\"itemscope\" itemtype=\"https:\/\/schema.org\/Person\" ><span itemprop='name'>admin<\/span><\/span><span class='av-structured-data'  itemprop=\"datePublished\" datetime=\"2025-07-23T12:00:11+00:00\" >2025-07-23 12:00:11<\/span><span class='av-structured-data'  itemprop=\"dateModified\" itemtype=\"https:\/\/schema.org\/dateModified\" >2026-04-24 19:55:19<\/span><span class='av-structured-data'  itemprop=\"mainEntityOfPage\" itemtype=\"https:\/\/schema.org\/mainEntityOfPage\" ><span itemprop='name'>S\u00e4lja bostad i Alicante eller Torrevieja? S\u00e5 f\u00f6rbereder du din bostad f\u00f6r snabbare f\u00f6rs\u00e4ljning och b\u00e4ttre pris.<\/span><\/span><\/span><\/article><article class=\"post-entry post-entry-type-standard post-entry-3891 post-loop-5 post-parity-odd single-big with-slider post-3891 post type-post status-publish format-standard has-post-thumbnail hentry category-okategoriserad\"  itemscope=\"itemscope\" itemtype=\"https:\/\/schema.org\/BlogPosting\" ><div class=\"big-preview single-big\"  itemprop=\"image\" itemscope=\"itemscope\" itemtype=\"https:\/\/schema.org\/ImageObject\" ><a href=\"https:\/\/vendemivivienda.com\/sv\/salja-bostad-pa-costa-blanca-darfor-ar-det-ratt-lage-just-nu\/\"  title=\"Torrevieja\" ><img decoding=\"async\" loading=\"lazy\" width=\"1920\" height=\"900\" src=\"https:\/\/vendemivivienda.com\/wp-content\/uploads\/2025\/08\/articulo_torrevieja.jpg\" class=\"wp-image-3890 avia-img-lazy-loading-3890 attachment-no scaling size-no scaling wp-post-image\" alt=\"\" srcset=\"https:\/\/vendemivivienda.com\/wp-content\/uploads\/2025\/08\/articulo_torrevieja.jpg 1920w, https:\/\/vendemivivienda.com\/wp-content\/uploads\/2025\/08\/articulo_torrevieja-300x141.jpg 300w, https:\/\/vendemivivienda.com\/wp-content\/uploads\/2025\/08\/articulo_torrevieja-1030x483.jpg 1030w, https:\/\/vendemivivienda.com\/wp-content\/uploads\/2025\/08\/articulo_torrevieja-768x360.jpg 768w, https:\/\/vendemivivienda.com\/wp-content\/uploads\/2025\/08\/articulo_torrevieja-1536x720.jpg 1536w, https:\/\/vendemivivienda.com\/wp-content\/uploads\/2025\/08\/articulo_torrevieja-1500x703.jpg 1500w, https:\/\/vendemivivienda.com\/wp-content\/uploads\/2025\/08\/articulo_torrevieja-705x330.jpg 705w\" sizes=\"auto, (max-width: 1920px) 100vw, 1920px\" \/><\/a><\/div><div class=\"blog-meta\"><\/div><div class='entry-content-wrapper clearfix standard-content'><header class=\"entry-content-header\" aria-label=\"Post: S\u00e4lja bostad p\u00e5 Costa Blanca \u2013 d\u00e4rf\u00f6r \u00e4r det r\u00e4tt l\u00e4ge just nu!\"><h2 class='post-title entry-title '  itemprop=\"headline\" ><a href=\"https:\/\/vendemivivienda.com\/sv\/salja-bostad-pa-costa-blanca-darfor-ar-det-ratt-lage-just-nu\/\" rel=\"bookmark\" title=\"Permanent l\u00e4nk: S\u00e4lja bostad p\u00e5 Costa Blanca \u2013 d\u00e4rf\u00f6r \u00e4r det r\u00e4tt l\u00e4ge just nu!\">S\u00e4lja bostad p\u00e5 Costa Blanca \u2013 d\u00e4rf\u00f6r \u00e4r det r\u00e4tt l\u00e4ge just nu!<span class=\"post-format-icon minor-meta\"><\/span><\/a><\/h2><span class=\"post-meta-infos\"><\/span><\/header><div class=\"entry-content\"  itemprop=\"text\" ><p>\u00c4ger du en bostad p\u00e5 Costa Blanca? D\u00e5 sitter du i en v\u00e4ldigt bra sits. Efterfr\u00e5gan \u00f6kar, priserna stiger \u2013 och med r\u00e4tt m\u00e4klare i Alicante och Torrevieja kan du s\u00e4lja snabbt och till ett riktigt bra pris.<\/p>\n<p>H\u00e4r \u00e4r varf\u00f6r just nu \u00e4r ett perfekt tillf\u00e4lle att s\u00e4lja.<\/p>\n<div class=\"read-more-link\"><a href=\"https:\/\/vendemivivienda.com\/sv\/salja-bostad-pa-costa-blanca-darfor-ar-det-ratt-lage-just-nu\/\" class=\"more-link\">L\u00e4s mer<span class='more-link-arrow avia-svg-icon avia-font-svg_entypo-fontello' data-av_svg_icon='right-open-big' data-av_iconset='svg_entypo-fontello'><svg version=\"1.1\" xmlns=\"http:\/\/www.w3.org\/2000\/svg\" width=\"15\" height=\"32\" viewBox=\"0 0 15 32\" preserveAspectRatio=\"xMidYMid meet\" role=\"graphics-symbol\" aria-hidden=\"true\">\n<path d=\"M0.416 27.84l11.456-11.84-11.456-11.904q-0.832-0.832 0-1.536 0.832-0.832 1.536 0l12.544 12.608q0.768 0.832 0 1.6l-12.544 12.608q-0.704 0.832-1.536 0-0.832-0.704 0-1.536z\"><\/path>\n<\/svg><\/span><\/a><\/div>\n<\/div><footer class=\"entry-footer\"><\/footer><div class='post_delimiter'><\/div><\/div><div class=\"post_author_timeline\"><\/div><span class='hidden'>\n\t\t\t\t<span class='av-structured-data'  itemprop=\"image\" itemscope=\"itemscope\" itemtype=\"https:\/\/schema.org\/ImageObject\" >\n\t\t\t\t\t\t<span itemprop='url'>https:\/\/vendemivivienda.com\/wp-content\/uploads\/2025\/08\/articulo_torrevieja.jpg<\/span>\n\t\t\t\t\t\t<span itemprop='height'>900<\/span>\n\t\t\t\t\t\t<span itemprop='width'>1920<\/span>\n\t\t\t\t<\/span>\n\t\t\t\t<span class='av-structured-data'  itemprop=\"publisher\" itemtype=\"https:\/\/schema.org\/Organization\" itemscope=\"itemscope\" >\n\t\t\t\t\t\t<span itemprop='name'>admin<\/span>\n\t\t\t\t\t\t<span itemprop='logo' itemscope itemtype='https:\/\/schema.org\/ImageObject'>\n\t\t\t\t\t\t\t<span itemprop='url'>https:\/\/vendemivivienda.com\/wp-content\/uploads\/2025\/07\/logo-1.png<\/span>\n\t\t\t\t\t\t<\/span>\n\t\t\t\t<\/span><span class='av-structured-data'  itemprop=\"author\" itemscope=\"itemscope\" itemtype=\"https:\/\/schema.org\/Person\" ><span itemprop='name'>admin<\/span><\/span><span class='av-structured-data'  itemprop=\"datePublished\" datetime=\"2025-07-20T12:00:22+00:00\" >2025-07-20 12:00:22<\/span><span class='av-structured-data'  itemprop=\"dateModified\" itemtype=\"https:\/\/schema.org\/dateModified\" >2026-04-24 19:55:33<\/span><span class='av-structured-data'  itemprop=\"mainEntityOfPage\" itemtype=\"https:\/\/schema.org\/mainEntityOfPage\" ><span itemprop='name'>S\u00e4lja bostad p\u00e5 Costa Blanca \u2013 d\u00e4rf\u00f6r \u00e4r det r\u00e4tt l\u00e4ge just nu!<\/span><\/span><\/span><\/article><article class=\"post-entry post-entry-type-standard post-entry-3896 post-loop-6 post-parity-even single-big with-slider post-3896 post type-post status-publish format-standard has-post-thumbnail hentry category-okategoriserad\"  itemscope=\"itemscope\" itemtype=\"https:\/\/schema.org\/BlogPosting\" ><div class=\"big-preview single-big\"  itemprop=\"image\" itemscope=\"itemscope\" itemtype=\"https:\/\/schema.org\/ImageObject\" ><a href=\"https:\/\/vendemivivienda.com\/sv\/fa-en-kostnadsfri-onlinevardering-av-din-bostad-i-torrevieja-och-alicante-ta-reda-pa-marknadsvardet-direkt\/\"  title=\"post02\" ><img decoding=\"async\" loading=\"lazy\" width=\"1920\" height=\"900\" src=\"https:\/\/vendemivivienda.com\/wp-content\/uploads\/2023\/05\/post02.jpg\" class=\"wp-image-3895 avia-img-lazy-loading-3895 attachment-no scaling size-no scaling wp-post-image\" alt=\"\" srcset=\"https:\/\/vendemivivienda.com\/wp-content\/uploads\/2023\/05\/post02.jpg 1920w, https:\/\/vendemivivienda.com\/wp-content\/uploads\/2023\/05\/post02-300x141.jpg 300w, https:\/\/vendemivivienda.com\/wp-content\/uploads\/2023\/05\/post02-1030x483.jpg 1030w, https:\/\/vendemivivienda.com\/wp-content\/uploads\/2023\/05\/post02-768x360.jpg 768w, https:\/\/vendemivivienda.com\/wp-content\/uploads\/2023\/05\/post02-1536x720.jpg 1536w, https:\/\/vendemivivienda.com\/wp-content\/uploads\/2023\/05\/post02-1500x703.jpg 1500w, https:\/\/vendemivivienda.com\/wp-content\/uploads\/2023\/05\/post02-705x330.jpg 705w\" sizes=\"auto, (max-width: 1920px) 100vw, 1920px\" \/><\/a><\/div><div class=\"blog-meta\"><\/div><div class='entry-content-wrapper clearfix standard-content'><header class=\"entry-content-header\" aria-label=\"Post: F\u00e5 en kostnadsfri onlinev\u00e4rdering av din bostad i Torrevieja och Alicante \u2013 Ta reda p\u00e5 marknadsv\u00e4rdet direkt!\"><h2 class='post-title entry-title '  itemprop=\"headline\" ><a href=\"https:\/\/vendemivivienda.com\/sv\/fa-en-kostnadsfri-onlinevardering-av-din-bostad-i-torrevieja-och-alicante-ta-reda-pa-marknadsvardet-direkt\/\" rel=\"bookmark\" title=\"Permanent l\u00e4nk: F\u00e5 en kostnadsfri onlinev\u00e4rdering av din bostad i Torrevieja och Alicante \u2013 Ta reda p\u00e5 marknadsv\u00e4rdet direkt!\">F\u00e5 en kostnadsfri onlinev\u00e4rdering av din bostad i Torrevieja och Alicante \u2013 Ta reda p\u00e5 marknadsv\u00e4rdet direkt!<span class=\"post-format-icon minor-meta\"><\/span><\/a><\/h2><span class=\"post-meta-infos\"><\/span><\/header><div class=\"entry-content\"  itemprop=\"text\" ><p>Har du n\u00e5gon g\u00e5ng undrat vad din bostad i Torrevieja eller Alicante \u00e4r v\u00e4rd p\u00e5 dagens marknad? Att k\u00e4nna till v\u00e4rdet p\u00e5 din fastighet \u00e4r avg\u00f6rande n\u00e4r du planerar att s\u00e4lja, funderar p\u00e5 att uppgradera eller renovera eller helt enkelt vill f\u00e5 en tydlig bild av din ekonomiska situation.<\/p>\n<p>Tidigare kr\u00e4vde en bostadsv\u00e4rdering tidsbokningar med m\u00e4klare eller v\u00e4rderingsm\u00e4n, och processen kunde ta flera dagar eller till och med veckor. Idag, i den digitala eran, kan du enkelt f\u00e5 en onlinev\u00e4rdering av din bostad \u2013 snabbt, smidigt och helt utan att l\u00e4mna hemmet.<\/p>\n<div class=\"read-more-link\"><a href=\"https:\/\/vendemivivienda.com\/sv\/fa-en-kostnadsfri-onlinevardering-av-din-bostad-i-torrevieja-och-alicante-ta-reda-pa-marknadsvardet-direkt\/\" class=\"more-link\">L\u00e4s mer<span class='more-link-arrow avia-svg-icon avia-font-svg_entypo-fontello' data-av_svg_icon='right-open-big' data-av_iconset='svg_entypo-fontello'><svg version=\"1.1\" xmlns=\"http:\/\/www.w3.org\/2000\/svg\" width=\"15\" height=\"32\" viewBox=\"0 0 15 32\" preserveAspectRatio=\"xMidYMid meet\" role=\"graphics-symbol\" aria-hidden=\"true\">\n<path d=\"M0.416 27.84l11.456-11.84-11.456-11.904q-0.832-0.832 0-1.536 0.832-0.832 1.536 0l12.544 12.608q0.768 0.832 0 1.6l-12.544 12.608q-0.704 0.832-1.536 0-0.832-0.704 0-1.536z\"><\/path>\n<\/svg><\/span><\/a><\/div>\n<\/div><footer class=\"entry-footer\"><\/footer><div class='post_delimiter'><\/div><\/div><div class=\"post_author_timeline\"><\/div><span class='hidden'>\n\t\t\t\t<span class='av-structured-data'  itemprop=\"image\" itemscope=\"itemscope\" itemtype=\"https:\/\/schema.org\/ImageObject\" >\n\t\t\t\t\t\t<span itemprop='url'>https:\/\/vendemivivienda.com\/wp-content\/uploads\/2023\/05\/post02.jpg<\/span>\n\t\t\t\t\t\t<span itemprop='height'>900<\/span>\n\t\t\t\t\t\t<span itemprop='width'>1920<\/span>\n\t\t\t\t<\/span>\n\t\t\t\t<span class='av-structured-data'  itemprop=\"publisher\" itemtype=\"https:\/\/schema.org\/Organization\" itemscope=\"itemscope\" >\n\t\t\t\t\t\t<span itemprop='name'>admin<\/span>\n\t\t\t\t\t\t<span itemprop='logo' itemscope itemtype='https:\/\/schema.org\/ImageObject'>\n\t\t\t\t\t\t\t<span itemprop='url'>https:\/\/vendemivivienda.com\/wp-content\/uploads\/2025\/07\/logo-1.png<\/span>\n\t\t\t\t\t\t<\/span>\n\t\t\t\t<\/span><span class='av-structured-data'  itemprop=\"author\" itemscope=\"itemscope\" itemtype=\"https:\/\/schema.org\/Person\" ><span itemprop='name'>admin<\/span><\/span><span class='av-structured-data'  itemprop=\"datePublished\" datetime=\"2025-07-16T12:00:28+00:00\" >2025-07-16 12:00:28<\/span><span class='av-structured-data'  itemprop=\"dateModified\" itemtype=\"https:\/\/schema.org\/dateModified\" >2026-04-24 19:55:47<\/span><span class='av-structured-data'  itemprop=\"mainEntityOfPage\" itemtype=\"https:\/\/schema.org\/mainEntityOfPage\" ><span itemprop='name'>F\u00e5 en kostnadsfri onlinev\u00e4rdering av din bostad i Torrevieja och Alicante \u2013 Ta reda p\u00e5 marknadsv\u00e4rdet direkt!<\/span><\/span><\/span><\/article><article class=\"post-entry post-entry-type-standard post-entry-3900 post-loop-7 post-parity-odd single-big with-slider post-3900 post type-post status-publish format-standard has-post-thumbnail hentry category-okategoriserad\"  itemscope=\"itemscope\" itemtype=\"https:\/\/schema.org\/BlogPosting\" ><div class=\"big-preview single-big\"  itemprop=\"image\" itemscope=\"itemscope\" itemtype=\"https:\/\/schema.org\/ImageObject\" ><a href=\"https:\/\/vendemivivienda.com\/sv\/tips-for-att-salja-din-bostad-i-torrevieja-och-alicante-sa-lyckas-du-online\/\"  title=\"post03\" ><img decoding=\"async\" loading=\"lazy\" width=\"1920\" height=\"900\" src=\"https:\/\/vendemivivienda.com\/wp-content\/uploads\/2023\/05\/post03.jpg\" class=\"wp-image-3899 avia-img-lazy-loading-3899 attachment-no scaling size-no scaling wp-post-image\" alt=\"\" srcset=\"https:\/\/vendemivivienda.com\/wp-content\/uploads\/2023\/05\/post03.jpg 1920w, https:\/\/vendemivivienda.com\/wp-content\/uploads\/2023\/05\/post03-300x141.jpg 300w, https:\/\/vendemivivienda.com\/wp-content\/uploads\/2023\/05\/post03-1030x483.jpg 1030w, https:\/\/vendemivivienda.com\/wp-content\/uploads\/2023\/05\/post03-768x360.jpg 768w, https:\/\/vendemivivienda.com\/wp-content\/uploads\/2023\/05\/post03-1536x720.jpg 1536w, https:\/\/vendemivivienda.com\/wp-content\/uploads\/2023\/05\/post03-1500x703.jpg 1500w, https:\/\/vendemivivienda.com\/wp-content\/uploads\/2023\/05\/post03-705x330.jpg 705w\" sizes=\"auto, (max-width: 1920px) 100vw, 1920px\" \/><\/a><\/div><div class=\"blog-meta\"><\/div><div class='entry-content-wrapper clearfix standard-content'><header class=\"entry-content-header\" aria-label=\"Post: Tips f\u00f6r att s\u00e4lja din bostad i Torrevieja och Alicante \u2013 s\u00e5 lyckas du online\"><h2 class='post-title entry-title '  itemprop=\"headline\" ><a href=\"https:\/\/vendemivivienda.com\/sv\/tips-for-att-salja-din-bostad-i-torrevieja-och-alicante-sa-lyckas-du-online\/\" rel=\"bookmark\" title=\"Permanent l\u00e4nk: Tips f\u00f6r att s\u00e4lja din bostad i Torrevieja och Alicante \u2013 s\u00e5 lyckas du online\">Tips f\u00f6r att s\u00e4lja din bostad i Torrevieja och Alicante \u2013 s\u00e5 lyckas du online<span class=\"post-format-icon minor-meta\"><\/span><\/a><\/h2><span class=\"post-meta-infos\"><\/span><\/header><div class=\"entry-content\"  itemprop=\"text\" ><p>Att s\u00e4lja en bostad i Torrevieja eller Alicante kan vara b\u00e5de sp\u00e4nnande och utmanande. Idag sker allt fler bostadsaff\u00e4rer online, och r\u00e4tt strategi kan g\u00f6ra stor skillnad f\u00f6r hur snabbt och framg\u00e5ngsrikt du s\u00e4ljer. H\u00e4r delar vi med oss av effektiva tips f\u00f6r att hj\u00e4lpa dig s\u00e4lja din bostad smidigt och till b\u00e4sta m\u00f6jliga pris.<\/p>\n<div class=\"read-more-link\"><a href=\"https:\/\/vendemivivienda.com\/sv\/tips-for-att-salja-din-bostad-i-torrevieja-och-alicante-sa-lyckas-du-online\/\" class=\"more-link\">L\u00e4s mer<span class='more-link-arrow avia-svg-icon avia-font-svg_entypo-fontello' data-av_svg_icon='right-open-big' data-av_iconset='svg_entypo-fontello'><svg version=\"1.1\" xmlns=\"http:\/\/www.w3.org\/2000\/svg\" width=\"15\" height=\"32\" viewBox=\"0 0 15 32\" preserveAspectRatio=\"xMidYMid meet\" role=\"graphics-symbol\" aria-hidden=\"true\">\n<path d=\"M0.416 27.84l11.456-11.84-11.456-11.904q-0.832-0.832 0-1.536 0.832-0.832 1.536 0l12.544 12.608q0.768 0.832 0 1.6l-12.544 12.608q-0.704 0.832-1.536 0-0.832-0.704 0-1.536z\"><\/path>\n<\/svg><\/span><\/a><\/div>\n<\/div><footer class=\"entry-footer\"><\/footer><div class='post_delimiter'><\/div><\/div><div class=\"post_author_timeline\"><\/div><span class='hidden'>\n\t\t\t\t<span class='av-structured-data'  itemprop=\"image\" itemscope=\"itemscope\" itemtype=\"https:\/\/schema.org\/ImageObject\" >\n\t\t\t\t\t\t<span itemprop='url'>https:\/\/vendemivivienda.com\/wp-content\/uploads\/2023\/05\/post03.jpg<\/span>\n\t\t\t\t\t\t<span itemprop='height'>900<\/span>\n\t\t\t\t\t\t<span itemprop='width'>1920<\/span>\n\t\t\t\t<\/span>\n\t\t\t\t<span class='av-structured-data'  itemprop=\"publisher\" itemtype=\"https:\/\/schema.org\/Organization\" itemscope=\"itemscope\" >\n\t\t\t\t\t\t<span itemprop='name'>admin<\/span>\n\t\t\t\t\t\t<span itemprop='logo' itemscope itemtype='https:\/\/schema.org\/ImageObject'>\n\t\t\t\t\t\t\t<span itemprop='url'>https:\/\/vendemivivienda.com\/wp-content\/uploads\/2025\/07\/logo-1.png<\/span>\n\t\t\t\t\t\t<\/span>\n\t\t\t\t<\/span><span class='av-structured-data'  itemprop=\"author\" itemscope=\"itemscope\" itemtype=\"https:\/\/schema.org\/Person\" ><span itemprop='name'>admin<\/span><\/span><span class='av-structured-data'  itemprop=\"datePublished\" datetime=\"2025-07-13T12:00:37+00:00\" >2025-07-13 12:00:37<\/span><span class='av-structured-data'  itemprop=\"dateModified\" itemtype=\"https:\/\/schema.org\/dateModified\" >2026-04-24 19:56:01<\/span><span class='av-structured-data'  itemprop=\"mainEntityOfPage\" itemtype=\"https:\/\/schema.org\/mainEntityOfPage\" ><span itemprop='name'>Tips f\u00f6r att s\u00e4lja din bostad i Torrevieja och Alicante \u2013 s\u00e5 lyckas du online<\/span><\/span><\/span><\/article><article class=\"post-entry post-entry-type-standard post-entry-3904 post-loop-8 post-parity-even post-entry-last single-big with-slider post-3904 post type-post status-publish format-standard has-post-thumbnail hentry category-okategoriserad\"  itemscope=\"itemscope\" itemtype=\"https:\/\/schema.org\/BlogPosting\" ><div class=\"big-preview single-big\"  itemprop=\"image\" itemscope=\"itemscope\" itemtype=\"https:\/\/schema.org\/ImageObject\" ><a href=\"https:\/\/vendemivivienda.com\/sv\/fordelar-med-att-kopa-bostad-i-torrevieja-och-alicante-darfor-ar-det-ett-smart-val\/\"  title=\"post01\" ><img decoding=\"async\" loading=\"lazy\" width=\"1920\" height=\"900\" src=\"https:\/\/vendemivivienda.com\/wp-content\/uploads\/2023\/05\/post01.jpg\" class=\"wp-image-3901 avia-img-lazy-loading-3901 attachment-no scaling size-no scaling wp-post-image\" alt=\"\" srcset=\"https:\/\/vendemivivienda.com\/wp-content\/uploads\/2023\/05\/post01.jpg 1920w, https:\/\/vendemivivienda.com\/wp-content\/uploads\/2023\/05\/post01-300x141.jpg 300w, https:\/\/vendemivivienda.com\/wp-content\/uploads\/2023\/05\/post01-1030x483.jpg 1030w, https:\/\/vendemivivienda.com\/wp-content\/uploads\/2023\/05\/post01-768x360.jpg 768w, https:\/\/vendemivivienda.com\/wp-content\/uploads\/2023\/05\/post01-1536x720.jpg 1536w, https:\/\/vendemivivienda.com\/wp-content\/uploads\/2023\/05\/post01-1500x703.jpg 1500w, https:\/\/vendemivivienda.com\/wp-content\/uploads\/2023\/05\/post01-705x330.jpg 705w\" sizes=\"auto, (max-width: 1920px) 100vw, 1920px\" \/><\/a><\/div><div class=\"blog-meta\"><\/div><div class='entry-content-wrapper clearfix standard-content'><header class=\"entry-content-header\" aria-label=\"Post: F\u00f6rdelar med att k\u00f6pa bostad i Torrevieja och Alicante \u2013 d\u00e4rf\u00f6r \u00e4r det ett smart val\"><h2 class='post-title entry-title '  itemprop=\"headline\" ><a href=\"https:\/\/vendemivivienda.com\/sv\/fordelar-med-att-kopa-bostad-i-torrevieja-och-alicante-darfor-ar-det-ett-smart-val\/\" rel=\"bookmark\" title=\"Permanent l\u00e4nk: F\u00f6rdelar med att k\u00f6pa bostad i Torrevieja och Alicante \u2013 d\u00e4rf\u00f6r \u00e4r det ett smart val\">F\u00f6rdelar med att k\u00f6pa bostad i Torrevieja och Alicante \u2013 d\u00e4rf\u00f6r \u00e4r det ett smart val<span class=\"post-format-icon minor-meta\"><\/span><\/a><\/h2><span class=\"post-meta-infos\"><\/span><\/header><div class=\"entry-content\"  itemprop=\"text\" ><p>Att k\u00f6pa bostad i Spanien \u00e4r ett stort och sp\u00e4nnande beslut. Allt fler v\u00e4ljer idag att k\u00f6pa bostad i Torrevieja eller Alicante online \u2013 ett smidigt och effektivt s\u00e4tt att hitta r\u00e4tt hem. H\u00e4r g\u00e5r vi igenom varf\u00f6r det \u00e4r en smart strategi och vilka f\u00f6rdelar du f\u00e5r som k\u00f6pare.<\/p>\n<div class=\"read-more-link\"><a href=\"https:\/\/vendemivivienda.com\/sv\/fordelar-med-att-kopa-bostad-i-torrevieja-och-alicante-darfor-ar-det-ett-smart-val\/\" class=\"more-link\">L\u00e4s mer<span class='more-link-arrow avia-svg-icon avia-font-svg_entypo-fontello' data-av_svg_icon='right-open-big' data-av_iconset='svg_entypo-fontello'><svg version=\"1.1\" xmlns=\"http:\/\/www.w3.org\/2000\/svg\" width=\"15\" height=\"32\" viewBox=\"0 0 15 32\" preserveAspectRatio=\"xMidYMid meet\" role=\"graphics-symbol\" aria-hidden=\"true\">\n<path d=\"M0.416 27.84l11.456-11.84-11.456-11.904q-0.832-0.832 0-1.536 0.832-0.832 1.536 0l12.544 12.608q0.768 0.832 0 1.6l-12.544 12.608q-0.704 0.832-1.536 0-0.832-0.704 0-1.536z\"><\/path>\n<\/svg><\/span><\/a><\/div>\n<\/div><footer class=\"entry-footer\"><\/footer><div class='post_delimiter'><\/div><\/div><div class=\"post_author_timeline\"><\/div><span class='hidden'>\n\t\t\t\t<span class='av-structured-data'  itemprop=\"image\" itemscope=\"itemscope\" itemtype=\"https:\/\/schema.org\/ImageObject\" >\n\t\t\t\t\t\t<span itemprop='url'>https:\/\/vendemivivienda.com\/wp-content\/uploads\/2023\/05\/post01.jpg<\/span>\n\t\t\t\t\t\t<span itemprop='height'>900<\/span>\n\t\t\t\t\t\t<span itemprop='width'>1920<\/span>\n\t\t\t\t<\/span>\n\t\t\t\t<span class='av-structured-data'  itemprop=\"publisher\" itemtype=\"https:\/\/schema.org\/Organization\" itemscope=\"itemscope\" >\n\t\t\t\t\t\t<span itemprop='name'>admin<\/span>\n\t\t\t\t\t\t<span itemprop='logo' itemscope itemtype='https:\/\/schema.org\/ImageObject'>\n\t\t\t\t\t\t\t<span itemprop='url'>https:\/\/vendemivivienda.com\/wp-content\/uploads\/2025\/07\/logo-1.png<\/span>\n\t\t\t\t\t\t<\/span>\n\t\t\t\t<\/span><span class='av-structured-data'  itemprop=\"author\" itemscope=\"itemscope\" itemtype=\"https:\/\/schema.org\/Person\" ><span itemprop='name'>admin<\/span><\/span><span class='av-structured-data'  itemprop=\"datePublished\" datetime=\"2025-07-09T12:00:57+00:00\" >2025-07-09 12:00:57<\/span><span class='av-structured-data'  itemprop=\"dateModified\" itemtype=\"https:\/\/schema.org\/dateModified\" >2026-04-24 19:56:14<\/span><span class='av-structured-data'  itemprop=\"mainEntityOfPage\" itemtype=\"https:\/\/schema.org\/mainEntityOfPage\" ><span itemprop='name'>F\u00f6rdelar med att k\u00f6pa bostad i Torrevieja och Alicante \u2013 d\u00e4rf\u00f6r \u00e4r det ett smart val<\/span><\/span><\/span><\/article><div class='single-big'><\/div><\/div>\n\n","protected":false},"excerpt":{"rendered":"","protected":false},"author":1,"featured_media":0,"parent":0,"menu_order":0,"comment_status":"closed","ping_status":"closed","template":"","meta":{"_acf_changed":false,"footnotes":""},"class_list":["post-3837","page","type-page","status-publish","hentry"],"acf":[],"yoast_head":"<!-- This site is optimized with the Yoast SEO plugin v27.4 - https:\/\/yoast.com\/product\/yoast-seo-wordpress\/ -->\n<title>ARTIKLAR AV INTRESSE - VENDE MI VIVIENDA<\/title>\n<meta name=\"robots\" content=\"index, follow, max-snippet:-1, max-image-preview:large, max-video-preview:-1\" \/>\n<link rel=\"canonical\" href=\"https:\/\/vendemivivienda.com\/sv\/artiklar-av-intresse\/\" \/>\n<meta property=\"og:locale\" content=\"sv_SE\" \/>\n<meta property=\"og:type\" content=\"article\" \/>\n<meta property=\"og:title\" content=\"ARTIKLAR AV INTRESSE - VENDE MI VIVIENDA\" \/>\n<meta property=\"og:url\" content=\"https:\/\/vendemivivienda.com\/sv\/artiklar-av-intresse\/\" \/>\n<meta property=\"og:site_name\" content=\"VENDE MI VIVIENDA\" \/>\n<meta property=\"article:modified_time\" content=\"2026-04-24T18:19:09+00:00\" \/>\n<meta name=\"twitter:card\" content=\"summary_large_image\" \/>\n<script type=\"application\/ld+json\" class=\"yoast-schema-graph\">{\"@context\":\"https:\\\/\\\/schema.org\",\"@graph\":[{\"@type\":\"WebPage\",\"@id\":\"https:\\\/\\\/vendemivivienda.com\\\/sv\\\/artiklar-av-intresse\\\/\",\"url\":\"https:\\\/\\\/vendemivivienda.com\\\/sv\\\/artiklar-av-intresse\\\/\",\"name\":\"ARTIKLAR AV INTRESSE - VENDE MI VIVIENDA\",\"isPartOf\":{\"@id\":\"https:\\\/\\\/vendemivivienda.com\\\/sv\\\/#website\"},\"datePublished\":\"2023-05-29T11:54:20+00:00\",\"dateModified\":\"2026-04-24T18:19:09+00:00\",\"breadcrumb\":{\"@id\":\"https:\\\/\\\/vendemivivienda.com\\\/sv\\\/artiklar-av-intresse\\\/#breadcrumb\"},\"inLanguage\":\"sv-SE\",\"potentialAction\":[{\"@type\":\"ReadAction\",\"target\":[\"https:\\\/\\\/vendemivivienda.com\\\/sv\\\/artiklar-av-intresse\\\/\"]}]},{\"@type\":\"BreadcrumbList\",\"@id\":\"https:\\\/\\\/vendemivivienda.com\\\/sv\\\/artiklar-av-intresse\\\/#breadcrumb\",\"itemListElement\":[{\"@type\":\"ListItem\",\"position\":1,\"name\":\"Portada\",\"item\":\"https:\\\/\\\/vendemivivienda.com\\\/sv\\\/home\\\/\"},{\"@type\":\"ListItem\",\"position\":2,\"name\":\"ARTIKLAR AV INTRESSE\"}]},{\"@type\":\"WebSite\",\"@id\":\"https:\\\/\\\/vendemivivienda.com\\\/sv\\\/#website\",\"url\":\"https:\\\/\\\/vendemivivienda.com\\\/sv\\\/\",\"name\":\"VENDE MI VIVIENDA\",\"description\":\"Vende casa o piso r\u00e1pidamente\",\"potentialAction\":[{\"@type\":\"SearchAction\",\"target\":{\"@type\":\"EntryPoint\",\"urlTemplate\":\"https:\\\/\\\/vendemivivienda.com\\\/sv\\\/?s={search_term_string}\"},\"query-input\":{\"@type\":\"PropertyValueSpecification\",\"valueRequired\":true,\"valueName\":\"search_term_string\"}}],\"inLanguage\":\"sv-SE\"}]}<\/script>\n<!-- \/ Yoast SEO plugin. -->","yoast_head_json":{"title":"ARTIKLAR AV INTRESSE - VENDE MI VIVIENDA","robots":{"index":"index","follow":"follow","max-snippet":"max-snippet:-1","max-image-preview":"max-image-preview:large","max-video-preview":"max-video-preview:-1"},"canonical":"https:\/\/vendemivivienda.com\/sv\/artiklar-av-intresse\/","og_locale":"sv_SE","og_type":"article","og_title":"ARTIKLAR AV INTRESSE - VENDE MI VIVIENDA","og_url":"https:\/\/vendemivivienda.com\/sv\/artiklar-av-intresse\/","og_site_name":"VENDE MI VIVIENDA","article_modified_time":"2026-04-24T18:19:09+00:00","twitter_card":"summary_large_image","schema":{"@context":"https:\/\/schema.org","@graph":[{"@type":"WebPage","@id":"https:\/\/vendemivivienda.com\/sv\/artiklar-av-intresse\/","url":"https:\/\/vendemivivienda.com\/sv\/artiklar-av-intresse\/","name":"ARTIKLAR AV INTRESSE - VENDE MI VIVIENDA","isPartOf":{"@id":"https:\/\/vendemivivienda.com\/sv\/#website"},"datePublished":"2023-05-29T11:54:20+00:00","dateModified":"2026-04-24T18:19:09+00:00","breadcrumb":{"@id":"https:\/\/vendemivivienda.com\/sv\/artiklar-av-intresse\/#breadcrumb"},"inLanguage":"sv-SE","potentialAction":[{"@type":"ReadAction","target":["https:\/\/vendemivivienda.com\/sv\/artiklar-av-intresse\/"]}]},{"@type":"BreadcrumbList","@id":"https:\/\/vendemivivienda.com\/sv\/artiklar-av-intresse\/#breadcrumb","itemListElement":[{"@type":"ListItem","position":1,"name":"Portada","item":"https:\/\/vendemivivienda.com\/sv\/home\/"},{"@type":"ListItem","position":2,"name":"ARTIKLAR AV INTRESSE"}]},{"@type":"WebSite","@id":"https:\/\/vendemivivienda.com\/sv\/#website","url":"https:\/\/vendemivivienda.com\/sv\/","name":"VENDE MI VIVIENDA","description":"Vende casa o piso r\u00e1pidamente","potentialAction":[{"@type":"SearchAction","target":{"@type":"EntryPoint","urlTemplate":"https:\/\/vendemivivienda.com\/sv\/?s={search_term_string}"},"query-input":{"@type":"PropertyValueSpecification","valueRequired":true,"valueName":"search_term_string"}}],"inLanguage":"sv-SE"}]}},"_links":{"self":[{"href":"https:\/\/vendemivivienda.com\/sv\/wp-json\/wp\/v2\/pages\/3837","targetHints":{"allow":["GET"]}}],"collection":[{"href":"https:\/\/vendemivivienda.com\/sv\/wp-json\/wp\/v2\/pages"}],"about":[{"href":"https:\/\/vendemivivienda.com\/sv\/wp-json\/wp\/v2\/types\/page"}],"author":[{"embeddable":true,"href":"https:\/\/vendemivivienda.com\/sv\/wp-json\/wp\/v2\/users\/1"}],"replies":[{"embeddable":true,"href":"https:\/\/vendemivivienda.com\/sv\/wp-json\/wp\/v2\/comments?post=3837"}],"version-history":[{"count":1,"href":"https:\/\/vendemivivienda.com\/sv\/wp-json\/wp\/v2\/pages\/3837\/revisions"}],"predecessor-version":[{"id":3838,"href":"https:\/\/vendemivivienda.com\/sv\/wp-json\/wp\/v2\/pages\/3837\/revisions\/3838"}],"wp:attachment":[{"href":"https:\/\/vendemivivienda.com\/sv\/wp-json\/wp\/v2\/media?parent=3837"}],"curies":[{"name":"wp","href":"https:\/\/api.w.org\/{rel}","templated":true}]}}