{"id":3823,"date":"2023-05-23T09:50:59","date_gmt":"2023-05-23T09:50:59","guid":{"rendered":"https:\/\/vendemivivienda.com\/?page_id=3823"},"modified":"2026-04-24T18:18:00","modified_gmt":"2026-04-24T18:18:00","slug":"home","status":"publish","type":"page","link":"https:\/\/vendemivivienda.com\/sv\/home\/","title":{"rendered":"HOME"},"content":{"rendered":"<div id='full_slider_1'  class='avia-fullwidth-slider main_color avia-shadow av-medium-hide av-small-hide av-mini-hide  avia-builder-el-0  el_before_av_slideshow_full  avia-builder-el-first   container_wrap fullsize'  >\n<style type=\"text\/css\" data-created_by=\"avia_inline_auto\" id=\"style-css-av-55fbk-4ab186a7f6e7425de2ed1dc1523dd8c0\">\n#top #wrap_all .avia-slideshow .av-slideshow-caption.av-55fbk-4ab186a7f6e7425de2ed1dc1523dd8c0__0 .avia-caption-title{\nfont-size:40px;\n}\n#top .avia-slideshow .av-slideshow-caption.av-55fbk-4ab186a7f6e7425de2ed1dc1523dd8c0__0 .avia-caption-content{\nfont-size:20px;\n}\n#top .avia-slideshow .av-slideshow-caption.av-55fbk-4ab186a7f6e7425de2ed1dc1523dd8c0__0 .avia-caption-content p{\nfont-size:20px;\n}\n#top #wrap_all .avia-slideshow .av-slideshow-caption.av-55fbk-4ab186a7f6e7425de2ed1dc1523dd8c0__1 .avia-caption-title{\nfont-size:40px;\n}\n#top .avia-slideshow .av-slideshow-caption.av-55fbk-4ab186a7f6e7425de2ed1dc1523dd8c0__1 .avia-caption-content{\nfont-size:20px;\n}\n#top .avia-slideshow .av-slideshow-caption.av-55fbk-4ab186a7f6e7425de2ed1dc1523dd8c0__1 .avia-caption-content p{\nfont-size:20px;\n}\n<\/style>\n<div  class='avia-slideshow av-55fbk-4ab186a7f6e7425de2ed1dc1523dd8c0 avia-slideshow-no scaling av_slideshow_full avia-fade-slider av-medium-hide av-small-hide av-mini-hide av-slideshow-ui av-control-default av-slideshow-autoplay av-loop-endless av-loop-manual-endless av-default-height-applied   avia-slideshow-1' data-slideshow-options=\"{&quot;animation&quot;:&quot;fade&quot;,&quot;autoplay&quot;:true,&quot;loop_autoplay&quot;:&quot;endless&quot;,&quot;interval&quot;:3,&quot;loop_manual&quot;:&quot;manual-endless&quot;,&quot;autoplay_stopper&quot;:false,&quot;noNavigation&quot;:false,&quot;bg_slider&quot;:false,&quot;keep_padding&quot;:false,&quot;hoverpause&quot;:false,&quot;show_slide_delay&quot;:0}\"  itemprop=\"image\" itemscope=\"itemscope\" itemtype=\"https:\/\/schema.org\/ImageObject\" ><ul class='avia-slideshow-inner ' style='padding-bottom: 42.1875%;'><li  class='avia-slideshow-slide av-55fbk-4ab186a7f6e7425de2ed1dc1523dd8c0__0  slide-1 slide-odd'><div data-rel='slideshow-1' class='avia-slide-wrap '   ><img decoding=\"async\" fetchpriority=\"high\" class=\"wp-image-3827 avia-img-lazy-loading-not-3827\"  src=\"https:\/\/vendemivivienda.com\/wp-content\/uploads\/2025\/08\/header_2.jpg\" width=\"2560\" height=\"1080\" title='J\u00e1vea' alt=''  itemprop=\"thumbnailUrl\" srcset=\"https:\/\/vendemivivienda.com\/wp-content\/uploads\/2025\/08\/header_2.jpg 2560w, https:\/\/vendemivivienda.com\/wp-content\/uploads\/2025\/08\/header_2-300x127.jpg 300w, https:\/\/vendemivivienda.com\/wp-content\/uploads\/2025\/08\/header_2-1030x435.jpg 1030w, https:\/\/vendemivivienda.com\/wp-content\/uploads\/2025\/08\/header_2-768x324.jpg 768w, https:\/\/vendemivivienda.com\/wp-content\/uploads\/2025\/08\/header_2-1536x648.jpg 1536w, https:\/\/vendemivivienda.com\/wp-content\/uploads\/2025\/08\/header_2-2048x864.jpg 2048w, https:\/\/vendemivivienda.com\/wp-content\/uploads\/2025\/08\/header_2-1500x633.jpg 1500w, https:\/\/vendemivivienda.com\/wp-content\/uploads\/2025\/08\/header_2-705x297.jpg 705w\" sizes=\"(max-width: 2560px) 100vw, 2560px\" \/><\/div><\/li><li  class='avia-slideshow-slide av-55fbk-4ab186a7f6e7425de2ed1dc1523dd8c0__1  slide-2 slide-even'><div data-rel='slideshow-1' class='avia-slide-wrap '   ><img decoding=\"async\" fetchpriority=\"high\" class=\"wp-image-3828 avia-img-lazy-loading-not-3828\"  src=\"https:\/\/vendemivivienda.com\/wp-content\/uploads\/2025\/08\/header_3.jpg\" width=\"2560\" height=\"1080\" title='Benidorm' alt=''  itemprop=\"thumbnailUrl\" srcset=\"https:\/\/vendemivivienda.com\/wp-content\/uploads\/2025\/08\/header_3.jpg 2560w, https:\/\/vendemivivienda.com\/wp-content\/uploads\/2025\/08\/header_3-300x127.jpg 300w, https:\/\/vendemivivienda.com\/wp-content\/uploads\/2025\/08\/header_3-1030x435.jpg 1030w, https:\/\/vendemivivienda.com\/wp-content\/uploads\/2025\/08\/header_3-768x324.jpg 768w, https:\/\/vendemivivienda.com\/wp-content\/uploads\/2025\/08\/header_3-1536x648.jpg 1536w, https:\/\/vendemivivienda.com\/wp-content\/uploads\/2025\/08\/header_3-2048x864.jpg 2048w, https:\/\/vendemivivienda.com\/wp-content\/uploads\/2025\/08\/header_3-1500x633.jpg 1500w, https:\/\/vendemivivienda.com\/wp-content\/uploads\/2025\/08\/header_3-705x297.jpg 705w\" sizes=\"(max-width: 2560px) 100vw, 2560px\" \/><\/div><\/li><\/ul><div class='avia-slideshow-arrows avia-slideshow-controls' ><a href='#prev' class='prev-slide  avia-svg-icon avia-font-svg_entypo-fontello' data-av_svg_icon='left-open-big' data-av_iconset='svg_entypo-fontello' tabindex='-1' title=\"F\u00f6reg\u00e5ende\"><svg version=\"1.1\" xmlns=\"http:\/\/www.w3.org\/2000\/svg\" width=\"15\" height=\"32\" viewBox=\"0 0 15 32\" preserveAspectRatio=\"xMidYMid meet\" aria-labelledby='av-svg-title-1' aria-describedby='av-svg-desc-1' role=\"graphics-symbol\" aria-hidden=\"true\">\n<title id='av-svg-title-1'>F\u00f6reg\u00e5ende<\/title>\n<desc id='av-svg-desc-1'>F\u00f6reg\u00e5ende<\/desc>\n<path d=\"M14.464 27.84q0.832 0.832 0 1.536-0.832 0.832-1.536 0l-12.544-12.608q-0.768-0.768 0-1.6l12.544-12.608q0.704-0.832 1.536 0 0.832 0.704 0 1.536l-11.456 11.904z\"><\/path>\n<\/svg><span class='avia_hidden_link_text'>F\u00f6reg\u00e5ende<\/span><\/a><a href='#next' class='next-slide  avia-svg-icon avia-font-svg_entypo-fontello' data-av_svg_icon='right-open-big' data-av_iconset='svg_entypo-fontello' tabindex='-1' title=\"N\u00e4sta\"><svg version=\"1.1\" xmlns=\"http:\/\/www.w3.org\/2000\/svg\" width=\"15\" height=\"32\" viewBox=\"0 0 15 32\" preserveAspectRatio=\"xMidYMid meet\" aria-labelledby='av-svg-title-2' aria-describedby='av-svg-desc-2' role=\"graphics-symbol\" aria-hidden=\"true\">\n<title id='av-svg-title-2'>N\u00e4sta<\/title>\n<desc id='av-svg-desc-2'>N\u00e4sta<\/desc>\n<path d=\"M0.416 27.84l11.456-11.84-11.456-11.904q-0.832-0.832 0-1.536 0.832-0.832 1.536 0l12.544 12.608q0.768 0.832 0 1.6l-12.544 12.608q-0.704 0.832-1.536 0-0.832-0.704 0-1.536z\"><\/path>\n<\/svg><span class='avia_hidden_link_text'>N\u00e4sta<\/span><\/a><\/div><div class='avia-slideshow-dots avia-slideshow-controls'><a href='#1' class='goto-slide active' >1<\/a><a href='#2' class='goto-slide ' >2<\/a><\/div><div class='av-slideshow-caption av-55fbk-4ab186a7f6e7425de2ed1dc1523dd8c0__0 caption_fullwidth caption_center caption_center_framed caption_framed'><div class=\"container caption_container\"><div class=\"slideshow_caption\"><div class=\"slideshow_inner_caption\"><div class=\"slideshow_align_caption\"><h2 class='avia-caption-title '  itemprop=\"name\" >VENDE TU CASA R\u00c1PIDO Y AL MEJOR PRECIO EN LA COSTA BLANCA<\/h2><div class='avia-caption-content '  itemprop=\"description\" ><p>Te conectamos con compradores para vender tu casa con confianza y eficacia: Recibe nuestra oferta para la venta de tu vivienda<\/p>\n<\/div><\/div><\/div><\/div><\/div><\/div><\/div><\/div>\n<div id='full_slider_2'  class='avia-fullwidth-slider main_color avia-shadow av-desktop-hide  avia-builder-el-1  el_after_av_slideshow_full  el_before_av_section   slider-not-first container_wrap fullsize'  >\n<style type=\"text\/css\" data-created_by=\"avia_inline_auto\" id=\"style-css-av-li90f24h-80a7af4917fe5486fb41baae20066a22\">\n#top #wrap_all .avia-slideshow .av-slideshow-caption.av-li90f24h-80a7af4917fe5486fb41baae20066a22__0 .avia-caption-title{\nfont-size:30px;\n}\n#top .avia-slideshow .av-slideshow-caption.av-li90f24h-80a7af4917fe5486fb41baae20066a22__0 .avia-caption-content{\nfont-size:20px;\n}\n#top .avia-slideshow .av-slideshow-caption.av-li90f24h-80a7af4917fe5486fb41baae20066a22__0 .avia-caption-content p{\nfont-size:20px;\n}\n#top #wrap_all .avia-slideshow .av-slideshow-caption.av-li90f24h-80a7af4917fe5486fb41baae20066a22__1 .avia-caption-title{\nfont-size:30px;\n}\n#top .avia-slideshow .av-slideshow-caption.av-li90f24h-80a7af4917fe5486fb41baae20066a22__1 .avia-caption-content{\nfont-size:20px;\n}\n#top .avia-slideshow .av-slideshow-caption.av-li90f24h-80a7af4917fe5486fb41baae20066a22__1 .avia-caption-content p{\nfont-size:20px;\n}\n<\/style>\n<div  class='avia-slideshow av-li90f24h-80a7af4917fe5486fb41baae20066a22 avia-slideshow-no scaling av_slideshow_full avia-slide-slider av-desktop-hide av-slideshow-ui av-control-default av-slideshow-manual av-loop-once av-loop-manual-endless av-default-height-applied   avia-slideshow-2' data-slideshow-options=\"{&quot;animation&quot;:&quot;slide&quot;,&quot;autoplay&quot;:false,&quot;loop_autoplay&quot;:&quot;once&quot;,&quot;interval&quot;:5,&quot;loop_manual&quot;:&quot;manual-endless&quot;,&quot;autoplay_stopper&quot;:false,&quot;noNavigation&quot;:false,&quot;bg_slider&quot;:false,&quot;keep_padding&quot;:false,&quot;hoverpause&quot;:false,&quot;show_slide_delay&quot;:0}\"  itemprop=\"image\" itemscope=\"itemscope\" itemtype=\"https:\/\/schema.org\/ImageObject\" ><ul class='avia-slideshow-inner ' style='padding-bottom: 177.77777777778%;'><li  class='avia-slideshow-slide av-li90f24h-80a7af4917fe5486fb41baae20066a22__0  slide-1 slide-odd'><div data-rel='slideshow-2' class='avia-slide-wrap '   ><img decoding=\"async\" fetchpriority=\"high\" class=\"wp-image-3829 avia-img-lazy-loading-not-3829\"  src=\"https:\/\/vendemivivienda.com\/wp-content\/uploads\/2025\/08\/header_d2.jpg\" width=\"1080\" height=\"1920\" title='J\u00e1vea' alt=''  itemprop=\"thumbnailUrl\" srcset=\"https:\/\/vendemivivienda.com\/wp-content\/uploads\/2025\/08\/header_d2.jpg 1080w, https:\/\/vendemivivienda.com\/wp-content\/uploads\/2025\/08\/header_d2-169x300.jpg 169w, https:\/\/vendemivivienda.com\/wp-content\/uploads\/2025\/08\/header_d2-579x1030.jpg 579w, https:\/\/vendemivivienda.com\/wp-content\/uploads\/2025\/08\/header_d2-768x1365.jpg 768w, https:\/\/vendemivivienda.com\/wp-content\/uploads\/2025\/08\/header_d2-864x1536.jpg 864w, https:\/\/vendemivivienda.com\/wp-content\/uploads\/2025\/08\/header_d2-844x1500.jpg 844w, https:\/\/vendemivivienda.com\/wp-content\/uploads\/2025\/08\/header_d2-397x705.jpg 397w\" sizes=\"(max-width: 1080px) 100vw, 1080px\" \/><\/div><\/li><li  class='avia-slideshow-slide av-li90f24h-80a7af4917fe5486fb41baae20066a22__1  slide-2 slide-even'><div data-rel='slideshow-2' class='avia-slide-wrap '   ><img decoding=\"async\" fetchpriority=\"high\" class=\"wp-image-3830 avia-img-lazy-loading-not-3830\"  src=\"https:\/\/vendemivivienda.com\/wp-content\/uploads\/2025\/08\/header_d3.jpg\" width=\"1080\" height=\"1920\" title='Benidorm' alt=''  itemprop=\"thumbnailUrl\" srcset=\"https:\/\/vendemivivienda.com\/wp-content\/uploads\/2025\/08\/header_d3.jpg 1080w, https:\/\/vendemivivienda.com\/wp-content\/uploads\/2025\/08\/header_d3-169x300.jpg 169w, https:\/\/vendemivivienda.com\/wp-content\/uploads\/2025\/08\/header_d3-579x1030.jpg 579w, https:\/\/vendemivivienda.com\/wp-content\/uploads\/2025\/08\/header_d3-768x1365.jpg 768w, https:\/\/vendemivivienda.com\/wp-content\/uploads\/2025\/08\/header_d3-864x1536.jpg 864w, https:\/\/vendemivivienda.com\/wp-content\/uploads\/2025\/08\/header_d3-844x1500.jpg 844w, https:\/\/vendemivivienda.com\/wp-content\/uploads\/2025\/08\/header_d3-397x705.jpg 397w\" sizes=\"(max-width: 1080px) 100vw, 1080px\" \/><\/div><\/li><\/ul><div class='avia-slideshow-arrows avia-slideshow-controls' ><a href='#prev' class='prev-slide  avia-svg-icon avia-font-svg_entypo-fontello' data-av_svg_icon='left-open-big' data-av_iconset='svg_entypo-fontello' tabindex='-1' title=\"F\u00f6reg\u00e5ende\"><svg version=\"1.1\" xmlns=\"http:\/\/www.w3.org\/2000\/svg\" width=\"15\" height=\"32\" viewBox=\"0 0 15 32\" preserveAspectRatio=\"xMidYMid meet\" aria-labelledby='av-svg-title-3' aria-describedby='av-svg-desc-3' role=\"graphics-symbol\" aria-hidden=\"true\">\n<title id='av-svg-title-3'>F\u00f6reg\u00e5ende<\/title>\n<desc id='av-svg-desc-3'>F\u00f6reg\u00e5ende<\/desc>\n<path d=\"M14.464 27.84q0.832 0.832 0 1.536-0.832 0.832-1.536 0l-12.544-12.608q-0.768-0.768 0-1.6l12.544-12.608q0.704-0.832 1.536 0 0.832 0.704 0 1.536l-11.456 11.904z\"><\/path>\n<\/svg><span class='avia_hidden_link_text'>F\u00f6reg\u00e5ende<\/span><\/a><a href='#next' class='next-slide  avia-svg-icon avia-font-svg_entypo-fontello' data-av_svg_icon='right-open-big' data-av_iconset='svg_entypo-fontello' tabindex='-1' title=\"N\u00e4sta\"><svg version=\"1.1\" xmlns=\"http:\/\/www.w3.org\/2000\/svg\" width=\"15\" height=\"32\" viewBox=\"0 0 15 32\" preserveAspectRatio=\"xMidYMid meet\" aria-labelledby='av-svg-title-4' aria-describedby='av-svg-desc-4' role=\"graphics-symbol\" aria-hidden=\"true\">\n<title id='av-svg-title-4'>N\u00e4sta<\/title>\n<desc id='av-svg-desc-4'>N\u00e4sta<\/desc>\n<path d=\"M0.416 27.84l11.456-11.84-11.456-11.904q-0.832-0.832 0-1.536 0.832-0.832 1.536 0l12.544 12.608q0.768 0.832 0 1.6l-12.544 12.608q-0.704 0.832-1.536 0-0.832-0.704 0-1.536z\"><\/path>\n<\/svg><span class='avia_hidden_link_text'>N\u00e4sta<\/span><\/a><\/div><div class='avia-slideshow-dots avia-slideshow-controls'><a href='#1' class='goto-slide active' >1<\/a><a href='#2' class='goto-slide ' >2<\/a><\/div><div class='av-slideshow-caption av-li90f24h-80a7af4917fe5486fb41baae20066a22__0 caption_fullwidth caption_center caption_center_framed caption_framed'><div class=\"container caption_container\"><div class=\"slideshow_caption\"><div class=\"slideshow_inner_caption\"><div class=\"slideshow_align_caption\"><h2 class='avia-caption-title '  itemprop=\"name\" >VENDE TU CASA R\u00c1PIDO Y AL MEJOR PRECIO EN LA COSTA BLANCA<\/h2><div class='avia-caption-content '  itemprop=\"description\" ><p>Te conectamos con compradores para vender tu casa con confianza y eficacia: Recibe nuestra oferta para la venta de tu vivienda<\/p>\n<\/div><\/div><\/div><\/div><\/div><\/div><\/div><\/div>\n\n<style type=\"text\/css\" data-created_by=\"avia_inline_auto\" id=\"style-css-av-4j48g-b3eec8e81e290a5f19361b3ca238033f\">\n.avia-section.av-4j48g-b3eec8e81e290a5f19361b3ca238033f{\nbackground-color:#d68c90;\nbackground-image:unset;\n}\n<\/style>\n<div id='av_section_1'  class='avia-section av-4j48g-b3eec8e81e290a5f19361b3ca238033f main_color avia-section-default avia-no-border-styling  avia-builder-el-2  el_after_av_slideshow_full  el_before_av_textblock  avia-bg-style-scroll container_wrap fullsize'  ><div class='container av-section-cont-open' ><div class='template-page content  av-content-full alpha units'><div class='post-entry post-entry-type-page post-entry-3823'><div class='entry-content-wrapper clearfix'>\n<div  class='flex_column av-2t9gk-2ace459cb182ba1e0784fb0afed2fbdd av_one_full  avia-builder-el-3  el_before_av_one_fifth  avia-builder-el-first  first flex_column_div  '     ><style type=\"text\/css\" data-created_by=\"avia_inline_auto\" id=\"style-css-av-li19vhxj-52a9667cad092f693abab54364fc4b67\">\n#top .av-special-heading.av-li19vhxj-52a9667cad092f693abab54364fc4b67{\npadding-bottom:10px;\ncolor:#ffffff;\n}\nbody .av-special-heading.av-li19vhxj-52a9667cad092f693abab54364fc4b67 .av-special-heading-tag .heading-char{\nfont-size:25px;\n}\n.av-special-heading.av-li19vhxj-52a9667cad092f693abab54364fc4b67 .special-heading-inner-border{\nborder-color:#ffffff;\n}\n.av-special-heading.av-li19vhxj-52a9667cad092f693abab54364fc4b67 .av-subheading{\nfont-size:15px;\n}\n<\/style>\n<div  class='av-special-heading av-li19vhxj-52a9667cad092f693abab54364fc4b67 av-special-heading-h2 custom-color-heading blockquote modern-quote modern-centered  avia-builder-el-4  avia-builder-el-no-sibling '><h2 class='av-special-heading-tag '  itemprop=\"headline\"  >\u00bfEST\u00c1S PENSANDO EN VENDER TU CASA? \u00a1TE LA VENDEMOS!<\/h2><div class=\"special-heading-border\"><div class=\"special-heading-inner-border\"><\/div><\/div><\/div><\/div><div  class='flex_column av-3uask-59cd12993df2b1aa44206040ef8d31e2 av_one_fifth  avia-builder-el-5  el_after_av_one_full  el_before_av_three_fifth  first flex_column_div  column-top-margin'     ><\/div><div  class='flex_column av-19vsc-506d551292288e790dc30c0072506c76 av_three_fifth  avia-builder-el-6  el_after_av_one_fifth  el_before_av_one_fifth  flex_column_div  column-top-margin'     ><style type=\"text\/css\" data-created_by=\"avia_inline_auto\" id=\"style-css-av-mdvrh5r4-43926027ed0cc5dde82d4d93dcf8d873\">\n#top .av_textblock_section.av-mdvrh5r4-43926027ed0cc5dde82d4d93dcf8d873 .avia_textblock{\nfont-size:16px;\ncolor:#ffffff;\n}\n\n@media only screen and (min-width: 990px){ \n#top .av_textblock_section.av-mdvrh5r4-43926027ed0cc5dde82d4d93dcf8d873 .avia_textblock{\nfont-size:16px;\n}\n}\n<\/style>\n<section  class='av_textblock_section av-mdvrh5r4-43926027ed0cc5dde82d4d93dcf8d873 '   itemscope=\"itemscope\" itemtype=\"https:\/\/schema.org\/CreativeWork\" ><div class='avia_textblock av_inherit_color'  itemprop=\"text\" ><p style=\"text-align: center;\">\u00bfCu\u00e1nto vale tu casa en la <strong>Costa\u202fBlanca<\/strong>? Haz una valoraci\u00f3n r\u00e1pida y gratuita.<\/p>\n<p style=\"text-align: center;\">En <strong>VENDEMIVIVIENDA.com<\/strong> tasaremos y gestionaremos la venta de tu casa seg\u00fan la informaci\u00f3n que nos aportes, as\u00ed que cuanto m\u00e1s precisa sea dicha informaci\u00f3n, m\u00e1s ajustada ser\u00e1 la tasaci\u00f3n.<\/p>\n<p style=\"text-align: center;\">No olvides incluir ning\u00fan dato que consideres necesario que conozcamos.<\/p>\n<p style=\"text-align: center;\">Ser\u00e1 una <strong>tasaci\u00f3n equilibrada y con precios de mercado<\/strong>. Si te encaja nuestra propuesta inicial, llevaremos a cabo una revisi\u00f3n <em>in situ<\/em> para comprobar toda la informaci\u00f3n aportada.<\/p>\n<\/div><\/section><\/div><div  class='flex_column av-uryk-22ba4b4d1cafe17fbbf05298dd4cb013 av_one_fifth  avia-builder-el-8  el_after_av_three_fifth  avia-builder-el-last  flex_column_div  column-top-margin'     ><\/div><\/div><\/div><\/div><!-- close content main div --><\/div><\/div><div id='after_section_1'  class='main_color av_default_container_wrap container_wrap fullsize'  ><div class='container av-section-cont-open' ><div class='template-page content  av-content-full alpha units'><div class='post-entry post-entry-type-page post-entry-3823'><div class='entry-content-wrapper clearfix'>\n<style type=\"text\/css\" data-created_by=\"avia_inline_auto\" id=\"style-css-av-li8zowj9-b6f4376d0677e35ab93ff82070c50e71\">\n#top .av_textblock_section.av-li8zowj9-b6f4376d0677e35ab93ff82070c50e71 .avia_textblock{\ncolor:#a17154;\n}\n<\/style>\n<section  class='av_textblock_section av-li8zowj9-b6f4376d0677e35ab93ff82070c50e71 '   itemscope=\"itemscope\" itemtype=\"https:\/\/schema.org\/CreativeWork\" ><div class='avia_textblock av_inherit_color'  itemprop=\"text\" ><h2 style=\"text-align: center;\">Solicita tu tasaci\u00f3n en 3 sencillos pasos<\/h2>\n<\/div><\/section><\/p>\n<div  class='flex_column av-3vuck-bda0f2430285b23624426b3b169f1fa1 av_one_third  avia-builder-el-10  el_after_av_textblock  el_before_av_one_third  first flex_column_div  column-top-margin'     ><style type=\"text\/css\" data-created_by=\"avia_inline_auto\" id=\"style-css-av-txhc-2b76f5e1a453ab57ebdad9d64fb4ac78\">\n.iconbox.av-txhc-2b76f5e1a453ab57ebdad9d64fb4ac78 .iconbox_content_container{\nfont-size:16px;\n}\n\n@media only screen and (min-width: 990px){ \n.iconbox.av-txhc-2b76f5e1a453ab57ebdad9d64fb4ac78 .iconbox_content_container{\nfont-size:16px;\n}\n}\n<\/style>\n<article  class='iconbox iconbox_top av-txhc-2b76f5e1a453ab57ebdad9d64fb4ac78  avia-builder-el-11  avia-builder-el-no-sibling  main_color'  itemscope=\"itemscope\" itemtype=\"https:\/\/schema.org\/CreativeWork\" ><div class=\"iconbox_content\"><header class=\"entry-content-header\" aria-label=\"Icon: RELLENA EL FORMULARIO\"><div class='iconbox_icon heading-color avia-iconfont avia-font-entypo-fontello' data-av_icon='\ue84b' data-av_iconfont='entypo-fontello'  ><\/div><h3 class='iconbox_content_title '  itemprop=\"headline\" >RELLENA EL FORMULARIO<\/h3><\/header><div class='iconbox_content_container '  itemprop=\"text\" ><p>Rellena el <strong>formulario<\/strong> siguiente indic\u00e1ndonos todos los datos que te solicitamos. Aporta la m\u00e1xima informaci\u00f3n que puedas.<\/p>\n<\/div><\/div><footer class=\"entry-footer\"><\/footer><\/article><\/div>\n<div  class='flex_column av-39i6k-57afb6ce0d2f0f1efb4d2a06adf55533 av_one_third  avia-builder-el-12  el_after_av_one_third  el_before_av_one_third  flex_column_div  column-top-margin'     ><style type=\"text\/css\" data-created_by=\"avia_inline_auto\" id=\"style-css-av-li8zxkg9-23d8cdbabd39abe4d4846dcfa450b77b\">\n.iconbox.av-li8zxkg9-23d8cdbabd39abe4d4846dcfa450b77b .iconbox_content_container{\nfont-size:16px;\n}\n\n@media only screen and (min-width: 990px){ \n.iconbox.av-li8zxkg9-23d8cdbabd39abe4d4846dcfa450b77b .iconbox_content_container{\nfont-size:16px;\n}\n}\n<\/style>\n<article  class='iconbox iconbox_top av-li8zxkg9-23d8cdbabd39abe4d4846dcfa450b77b  avia-builder-el-13  avia-builder-el-no-sibling  main_color'  itemscope=\"itemscope\" itemtype=\"https:\/\/schema.org\/CreativeWork\" ><div class=\"iconbox_content\"><header class=\"entry-content-header\" aria-label=\"Icon: ADJUNTA FOTOGRAF\u00cdAS RECIENTES\"><div class='iconbox_icon heading-color avia-iconfont avia-font-entypo-fontello' data-av_icon='\ue80e' data-av_iconfont='entypo-fontello'  ><\/div><h3 class='iconbox_content_title '  itemprop=\"headline\" >ADJUNTA FOTOGRAF\u00cdAS RECIENTES<\/h3><\/header><div class='iconbox_content_container '  itemprop=\"text\" ><p>Las mejores y m\u00e1s fotograf\u00edas recientes que tengas de tu inmueble. Nos servir\u00e1n para adentrarnos virtualmente en tu vivienda<\/p>\n<\/div><\/div><footer class=\"entry-footer\"><\/footer><\/article><\/div>\n<div  class='flex_column av-2qluw-80b14dd43da150d82281f95edee717b8 av_one_third  avia-builder-el-14  el_after_av_one_third  el_before_av_section  avia-builder-el-last  flex_column_div  column-top-margin'     ><style type=\"text\/css\" data-created_by=\"avia_inline_auto\" id=\"style-css-av-li8zwdxi-92a6ebcb289330238480cab3ee582f13\">\n.iconbox.av-li8zwdxi-92a6ebcb289330238480cab3ee582f13 .iconbox_content_container{\nfont-size:16px;\n}\n\n@media only screen and (min-width: 990px){ \n.iconbox.av-li8zwdxi-92a6ebcb289330238480cab3ee582f13 .iconbox_content_container{\nfont-size:16px;\n}\n}\n<\/style>\n<article  class='iconbox iconbox_top av-li8zwdxi-92a6ebcb289330238480cab3ee582f13  avia-builder-el-15  avia-builder-el-no-sibling  main_color'  itemscope=\"itemscope\" itemtype=\"https:\/\/schema.org\/CreativeWork\" ><div class=\"iconbox_content\"><header class=\"entry-content-header\" aria-label=\"Icon: INFORMACI\u00d3N ACTUALIZADA\"><div class='iconbox_icon heading-color avia-iconfont avia-font-entypo-fontello' data-av_icon='\ue844' data-av_iconfont='entypo-fontello'  ><\/div><h3 class='iconbox_content_title '  itemprop=\"headline\" >INFORMACI\u00d3N ACTUALIZADA<\/h3><\/header><div class='iconbox_content_container '  itemprop=\"text\" ><p>\u00bfAlg\u00fan datos relevante a tener en cuenta? Env\u00edanos un mail a <a href=\"mailto:info@vendemivivienda.com\">info@vendemivivienda.com<\/a>\u00a0para que tengamos toda la info necesaria.<\/p>\n<\/div><\/div><footer class=\"entry-footer\"><\/footer><\/article><\/div>\n<\/div><\/div><\/div><!-- close content main div --><\/div><\/div>\n<style type=\"text\/css\" data-created_by=\"avia_inline_auto\" id=\"style-css-av-2b2is-d55d2f3bcdaa183db16b07bc5b86b81d\">\n.avia-section.av-2b2is-d55d2f3bcdaa183db16b07bc5b86b81d{\nbackground-color:#d68c90;\nbackground-image:unset;\n}\n<\/style>\n<div id='av_section_2'  class='avia-section av-2b2is-d55d2f3bcdaa183db16b07bc5b86b81d main_color avia-section-default avia-no-border-styling  avia-builder-el-16  el_after_av_one_third  el_before_av_one_fifth  avia-bg-style-scroll container_wrap fullsize'  ><div class='container av-section-cont-open' ><div class='template-page content  av-content-full alpha units'><div class='post-entry post-entry-type-page post-entry-3823'><div class='entry-content-wrapper clearfix'>\n\n<style type=\"text\/css\" data-created_by=\"avia_inline_auto\" id=\"style-css-av-li19tqmb-68e4afbcdf11c6bdcb79437e14bf2bb0\">\n#top .av-special-heading.av-li19tqmb-68e4afbcdf11c6bdcb79437e14bf2bb0{\npadding-bottom:10px;\ncolor:#ffffff;\n}\nbody .av-special-heading.av-li19tqmb-68e4afbcdf11c6bdcb79437e14bf2bb0 .av-special-heading-tag .heading-char{\nfont-size:25px;\n}\n.av-special-heading.av-li19tqmb-68e4afbcdf11c6bdcb79437e14bf2bb0 .special-heading-inner-border{\nborder-color:#ffffff;\n}\n.av-special-heading.av-li19tqmb-68e4afbcdf11c6bdcb79437e14bf2bb0 .av-subheading{\nfont-size:15px;\n}\n<\/style>\n<div  class='av-special-heading av-li19tqmb-68e4afbcdf11c6bdcb79437e14bf2bb0 av-special-heading-h3 custom-color-heading blockquote modern-quote modern-centered  avia-builder-el-17  avia-builder-el-no-sibling '><h3 class='av-special-heading-tag '  itemprop=\"headline\"  >SOLICITUD DE TASACI\u00d3N<\/h3><div class=\"special-heading-border\"><div class=\"special-heading-inner-border\"><\/div><\/div><\/div>\n<\/div><\/div><\/div><!-- close content main div --><\/div><\/div><div id='after_section_2'  class='main_color av_default_container_wrap container_wrap fullsize'  ><div class='container av-section-cont-open' ><div class='template-page content  av-content-full alpha units'><div class='post-entry post-entry-type-page post-entry-3823'><div class='entry-content-wrapper clearfix'>\n<div  class='flex_column av-1ynu8-29201264d6fc3218b54e42764c71523b av_one_fifth  avia-builder-el-18  el_after_av_section  el_before_av_three_fifth  avia-builder-el-first  first flex_column_div  '     ><\/div>\n<div  class='flex_column av-3job4-351fab504e3c937f9942e618c9e47c5d av_three_fifth  avia-builder-el-19  el_after_av_one_fifth  el_before_av_one_fifth  flex_column_div  '     ><style type=\"text\/css\" data-created_by=\"avia_inline_auto\" id=\"style-css-av-li19sk45-58f9c71dfd60f9fedb275be7461e8617\">\n#top .av_textblock_section.av-li19sk45-58f9c71dfd60f9fedb275be7461e8617 .avia_textblock{\nfont-size:16px;\n}\n<\/style>\n<section  class='av_textblock_section av-li19sk45-58f9c71dfd60f9fedb275be7461e8617 '   itemscope=\"itemscope\" itemtype=\"https:\/\/schema.org\/CreativeWork\" ><div class='avia_textblock'  itemprop=\"text\" ><p>Si has llegado a este punto es porque est\u00e1s interesado en vender tu\u00a0<strong>vivienda<\/strong>: \u00a1Bien! Solo necesitamos que nos aportes cierta informaci\u00f3n sobre las caracter\u00edsticas de la misma, metros, ubicaci\u00f3n equipamiento, etc as\u00ed como una serie de caracter\u00edsticas necesarias. Toda informaci\u00f3n que nos aportes nos ayudar\u00e1 a ofrecerte<strong> una oferta de la forma m\u00e1s precisa posible<\/strong>: Rellena el siguiente formulario indic\u00e1ndonos los datos solicitados y recibir\u00e1s nuestra tasaci\u00f3n en breve.<\/p>\n<\/div><\/section><\/div>\n<div  class='flex_column av-2jc1w-3bf53457e98eda60ed3d650c17d177e9 av_one_fifth  avia-builder-el-21  el_after_av_three_fifth  el_before_av_hr  flex_column_div  '     ><\/div>\n<div  class='hr av-1cg2k-18b15c3df1e431c56dd9324c8bcd72c1 hr-default  avia-builder-el-22  el_after_av_one_fifth  el_before_av_one_fifth '><span class='hr-inner '><span class=\"hr-inner-style\"><\/span><\/span><\/div>\n<div  class='flex_column av-2cf20-dcfb36bed6286379d02c4413ac92d09e av_one_fifth  avia-builder-el-23  el_after_av_hr  el_before_av_three_fifth  first flex_column_div  '     ><\/div>\n\n<style type=\"text\/css\" data-created_by=\"avia_inline_auto\" id=\"style-css-av-1qd2o-ce02a57488a17261383c672481a39c0d\">\n@keyframes av_boxShadowEffect_av-1qd2o-ce02a57488a17261383c672481a39c0d-column {\n0%   { box-shadow:  0 0 0 0 #edc8b8; opacity: 1; }\n100% { box-shadow:  0 0 10px 0 #edc8b8; opacity: 1; }\n}\n.flex_column.av-1qd2o-ce02a57488a17261383c672481a39c0d{\nbox-shadow: 0 0 10px 0 #edc8b8;\nborder-radius:25px 25px 25px 25px;\npadding:50px 50px 50px 50px;\n}\n<\/style>\n<div  class='flex_column av-1qd2o-ce02a57488a17261383c672481a39c0d av_three_fifth  avia-builder-el-24  el_after_av_one_fifth  el_before_av_one_fifth  flex_column_div shadow-not-animated  '     ><\/div>\n<div  class='flex_column av-120u8-5146e2d4079ec17d607efa415a1afe32 av_one_fifth  avia-builder-el-26  el_after_av_three_fifth  el_before_av_slideshow_full  avia-builder-el-last  flex_column_div  '     ><\/div>\n<\/div><\/div><\/div><!-- close content main div --><\/div><\/div><div id='full_slider_3'  class='avia-fullwidth-slider main_color avia-shadow av-medium-hide av-small-hide av-mini-hide  avia-builder-el-27  el_after_av_one_fifth  el_before_av_slideshow_full   slider-not-first container_wrap fullsize'  ><div  class='avia-slideshow av-z3wg-17e26e2df69ea18025dfc2f42b6d0e43 avia-slideshow-no scaling av_slideshow_full avia-fade-slider av-medium-hide av-small-hide av-mini-hide av-slideshow-ui av-control-default av-slideshow-autoplay av-loop-endless av-loop-manual-endless av-default-height-applied   avia-slideshow-3' data-slideshow-options=\"{&quot;animation&quot;:&quot;fade&quot;,&quot;autoplay&quot;:true,&quot;loop_autoplay&quot;:&quot;endless&quot;,&quot;interval&quot;:3,&quot;loop_manual&quot;:&quot;manual-endless&quot;,&quot;autoplay_stopper&quot;:false,&quot;noNavigation&quot;:false,&quot;bg_slider&quot;:false,&quot;keep_padding&quot;:false,&quot;hoverpause&quot;:false,&quot;show_slide_delay&quot;:0}\"  itemprop=\"image\" itemscope=\"itemscope\" itemtype=\"https:\/\/schema.org\/ImageObject\" ><ul class='avia-slideshow-inner ' style='padding-bottom: 42.1875%;'><li  class='avia-slideshow-slide av-z3wg-17e26e2df69ea18025dfc2f42b6d0e43__0  slide-1 slide-odd'><div data-rel='slideshow-3' class='avia-slide-wrap '   ><img decoding=\"async\" fetchpriority=\"high\" class=\"wp-image-3831 avia-img-lazy-loading-not-3831\"  src=\"https:\/\/vendemivivienda.com\/wp-content\/uploads\/2025\/08\/footer_3.jpg\" width=\"2560\" height=\"1080\" title='Calas en la Costa Blanca' alt=''  itemprop=\"thumbnailUrl\" srcset=\"https:\/\/vendemivivienda.com\/wp-content\/uploads\/2025\/08\/footer_3.jpg 2560w, https:\/\/vendemivivienda.com\/wp-content\/uploads\/2025\/08\/footer_3-300x127.jpg 300w, https:\/\/vendemivivienda.com\/wp-content\/uploads\/2025\/08\/footer_3-1030x435.jpg 1030w, https:\/\/vendemivivienda.com\/wp-content\/uploads\/2025\/08\/footer_3-768x324.jpg 768w, https:\/\/vendemivivienda.com\/wp-content\/uploads\/2025\/08\/footer_3-1536x648.jpg 1536w, https:\/\/vendemivivienda.com\/wp-content\/uploads\/2025\/08\/footer_3-2048x864.jpg 2048w, https:\/\/vendemivivienda.com\/wp-content\/uploads\/2025\/08\/footer_3-1500x633.jpg 1500w, https:\/\/vendemivivienda.com\/wp-content\/uploads\/2025\/08\/footer_3-705x297.jpg 705w\" sizes=\"(max-width: 2560px) 100vw, 2560px\" \/><\/div><\/li><li  class='avia-slideshow-slide av-z3wg-17e26e2df69ea18025dfc2f42b6d0e43__1  slide-2 slide-even'><div data-rel='slideshow-3' class='avia-slide-wrap '   ><img decoding=\"async\" fetchpriority=\"high\" class=\"wp-image-3835 avia-img-lazy-loading-not-3835\"  src=\"https:\/\/vendemivivienda.com\/wp-content\/uploads\/2025\/08\/footer_d4.jpg\" width=\"2560\" height=\"1080\" title='Costa Blanca' alt=''  itemprop=\"thumbnailUrl\" srcset=\"https:\/\/vendemivivienda.com\/wp-content\/uploads\/2025\/08\/footer_d4.jpg 2560w, https:\/\/vendemivivienda.com\/wp-content\/uploads\/2025\/08\/footer_d4-300x127.jpg 300w, https:\/\/vendemivivienda.com\/wp-content\/uploads\/2025\/08\/footer_d4-1030x435.jpg 1030w, https:\/\/vendemivivienda.com\/wp-content\/uploads\/2025\/08\/footer_d4-768x324.jpg 768w, https:\/\/vendemivivienda.com\/wp-content\/uploads\/2025\/08\/footer_d4-1536x648.jpg 1536w, https:\/\/vendemivivienda.com\/wp-content\/uploads\/2025\/08\/footer_d4-2048x864.jpg 2048w, https:\/\/vendemivivienda.com\/wp-content\/uploads\/2025\/08\/footer_d4-1500x633.jpg 1500w, https:\/\/vendemivivienda.com\/wp-content\/uploads\/2025\/08\/footer_d4-705x297.jpg 705w\" sizes=\"(max-width: 2560px) 100vw, 2560px\" \/><\/div><\/li><\/ul><div class='avia-slideshow-arrows avia-slideshow-controls' ><a href='#prev' class='prev-slide  avia-svg-icon avia-font-svg_entypo-fontello' data-av_svg_icon='left-open-big' data-av_iconset='svg_entypo-fontello' tabindex='-1' title=\"F\u00f6reg\u00e5ende\"><svg version=\"1.1\" xmlns=\"http:\/\/www.w3.org\/2000\/svg\" width=\"15\" height=\"32\" viewBox=\"0 0 15 32\" preserveAspectRatio=\"xMidYMid meet\" aria-labelledby='av-svg-title-5' aria-describedby='av-svg-desc-5' role=\"graphics-symbol\" aria-hidden=\"true\">\n<title id='av-svg-title-5'>F\u00f6reg\u00e5ende<\/title>\n<desc id='av-svg-desc-5'>F\u00f6reg\u00e5ende<\/desc>\n<path d=\"M14.464 27.84q0.832 0.832 0 1.536-0.832 0.832-1.536 0l-12.544-12.608q-0.768-0.768 0-1.6l12.544-12.608q0.704-0.832 1.536 0 0.832 0.704 0 1.536l-11.456 11.904z\"><\/path>\n<\/svg><span class='avia_hidden_link_text'>F\u00f6reg\u00e5ende<\/span><\/a><a href='#next' class='next-slide  avia-svg-icon avia-font-svg_entypo-fontello' data-av_svg_icon='right-open-big' data-av_iconset='svg_entypo-fontello' tabindex='-1' title=\"N\u00e4sta\"><svg version=\"1.1\" xmlns=\"http:\/\/www.w3.org\/2000\/svg\" width=\"15\" height=\"32\" viewBox=\"0 0 15 32\" preserveAspectRatio=\"xMidYMid meet\" aria-labelledby='av-svg-title-6' aria-describedby='av-svg-desc-6' role=\"graphics-symbol\" aria-hidden=\"true\">\n<title id='av-svg-title-6'>N\u00e4sta<\/title>\n<desc id='av-svg-desc-6'>N\u00e4sta<\/desc>\n<path d=\"M0.416 27.84l11.456-11.84-11.456-11.904q-0.832-0.832 0-1.536 0.832-0.832 1.536 0l12.544 12.608q0.768 0.832 0 1.6l-12.544 12.608q-0.704 0.832-1.536 0-0.832-0.704 0-1.536z\"><\/path>\n<\/svg><span class='avia_hidden_link_text'>N\u00e4sta<\/span><\/a><\/div><div class='avia-slideshow-dots avia-slideshow-controls'><a href='#1' class='goto-slide active' >1<\/a><a href='#2' class='goto-slide ' >2<\/a><\/div><\/div><\/div>\n<div id='full_slider_4'  class='avia-fullwidth-slider main_color avia-shadow av-desktop-hide  avia-builder-el-28  el_after_av_slideshow_full  el_before_av_hr   slider-not-first container_wrap fullsize'  ><div  class='avia-slideshow av-mdvs6m2h-10c1c0b435ef18af457fb316f38848fe avia-slideshow-no scaling av_slideshow_full avia-fade-slider av-desktop-hide av-slideshow-ui av-control-default av-slideshow-autoplay av-loop-endless av-loop-manual-endless av-default-height-applied   avia-slideshow-4' data-slideshow-options=\"{&quot;animation&quot;:&quot;fade&quot;,&quot;autoplay&quot;:true,&quot;loop_autoplay&quot;:&quot;endless&quot;,&quot;interval&quot;:3,&quot;loop_manual&quot;:&quot;manual-endless&quot;,&quot;autoplay_stopper&quot;:false,&quot;noNavigation&quot;:false,&quot;bg_slider&quot;:false,&quot;keep_padding&quot;:false,&quot;hoverpause&quot;:false,&quot;show_slide_delay&quot;:0}\"  itemprop=\"image\" itemscope=\"itemscope\" itemtype=\"https:\/\/schema.org\/ImageObject\" ><ul class='avia-slideshow-inner ' style='padding-bottom: 177.77777777778%;'><li  class='avia-slideshow-slide av-mdvs6m2h-10c1c0b435ef18af457fb316f38848fe__0  slide-1 slide-odd'><div data-rel='slideshow-4' class='avia-slide-wrap '   ><img decoding=\"async\" fetchpriority=\"high\" class=\"wp-image-3832 avia-img-lazy-loading-not-3832\"  src=\"https:\/\/vendemivivienda.com\/wp-content\/uploads\/2025\/08\/footer_m3.jpg\" width=\"1080\" height=\"1920\" title='Calas en la Costa Blanca' alt=''  itemprop=\"thumbnailUrl\" srcset=\"https:\/\/vendemivivienda.com\/wp-content\/uploads\/2025\/08\/footer_m3.jpg 1080w, https:\/\/vendemivivienda.com\/wp-content\/uploads\/2025\/08\/footer_m3-169x300.jpg 169w, https:\/\/vendemivivienda.com\/wp-content\/uploads\/2025\/08\/footer_m3-579x1030.jpg 579w, https:\/\/vendemivivienda.com\/wp-content\/uploads\/2025\/08\/footer_m3-768x1365.jpg 768w, https:\/\/vendemivivienda.com\/wp-content\/uploads\/2025\/08\/footer_m3-864x1536.jpg 864w, https:\/\/vendemivivienda.com\/wp-content\/uploads\/2025\/08\/footer_m3-844x1500.jpg 844w, https:\/\/vendemivivienda.com\/wp-content\/uploads\/2025\/08\/footer_m3-397x705.jpg 397w\" sizes=\"(max-width: 1080px) 100vw, 1080px\" \/><\/div><\/li><li  class='avia-slideshow-slide av-mdvs6m2h-10c1c0b435ef18af457fb316f38848fe__1  slide-2 slide-even'><div data-rel='slideshow-4' class='avia-slide-wrap '   ><img decoding=\"async\" fetchpriority=\"high\" class=\"wp-image-3834 avia-img-lazy-loading-not-3834\"  src=\"https:\/\/vendemivivienda.com\/wp-content\/uploads\/2025\/08\/footer_m4b.jpg\" width=\"1080\" height=\"1920\" title='Costa Blanca' alt=''  itemprop=\"thumbnailUrl\" srcset=\"https:\/\/vendemivivienda.com\/wp-content\/uploads\/2025\/08\/footer_m4b.jpg 1080w, https:\/\/vendemivivienda.com\/wp-content\/uploads\/2025\/08\/footer_m4b-169x300.jpg 169w, https:\/\/vendemivivienda.com\/wp-content\/uploads\/2025\/08\/footer_m4b-579x1030.jpg 579w, https:\/\/vendemivivienda.com\/wp-content\/uploads\/2025\/08\/footer_m4b-768x1365.jpg 768w, https:\/\/vendemivivienda.com\/wp-content\/uploads\/2025\/08\/footer_m4b-864x1536.jpg 864w, https:\/\/vendemivivienda.com\/wp-content\/uploads\/2025\/08\/footer_m4b-844x1500.jpg 844w, https:\/\/vendemivivienda.com\/wp-content\/uploads\/2025\/08\/footer_m4b-397x705.jpg 397w\" sizes=\"(max-width: 1080px) 100vw, 1080px\" \/><\/div><\/li><li  class='avia-slideshow-slide av-mdvs6m2h-10c1c0b435ef18af457fb316f38848fe__2  slide-3 slide-odd'><div data-rel='slideshow-4' class='avia-slide-wrap '   ><img decoding=\"async\" fetchpriority=\"high\" class=\"wp-image-3833 avia-img-lazy-loading-not-3833\"  src=\"https:\/\/vendemivivienda.com\/wp-content\/uploads\/2025\/08\/footer_m4.jpg\" width=\"1080\" height=\"1920\" title='Costa Blanca' alt=''  itemprop=\"thumbnailUrl\" srcset=\"https:\/\/vendemivivienda.com\/wp-content\/uploads\/2025\/08\/footer_m4.jpg 1080w, https:\/\/vendemivivienda.com\/wp-content\/uploads\/2025\/08\/footer_m4-169x300.jpg 169w, https:\/\/vendemivivienda.com\/wp-content\/uploads\/2025\/08\/footer_m4-579x1030.jpg 579w, https:\/\/vendemivivienda.com\/wp-content\/uploads\/2025\/08\/footer_m4-768x1365.jpg 768w, https:\/\/vendemivivienda.com\/wp-content\/uploads\/2025\/08\/footer_m4-864x1536.jpg 864w, https:\/\/vendemivivienda.com\/wp-content\/uploads\/2025\/08\/footer_m4-844x1500.jpg 844w, https:\/\/vendemivivienda.com\/wp-content\/uploads\/2025\/08\/footer_m4-397x705.jpg 397w\" sizes=\"(max-width: 1080px) 100vw, 1080px\" \/><\/div><\/li><\/ul><div class='avia-slideshow-arrows avia-slideshow-controls' ><a href='#prev' class='prev-slide  avia-svg-icon avia-font-svg_entypo-fontello' data-av_svg_icon='left-open-big' data-av_iconset='svg_entypo-fontello' tabindex='-1' title=\"F\u00f6reg\u00e5ende\"><svg version=\"1.1\" xmlns=\"http:\/\/www.w3.org\/2000\/svg\" width=\"15\" height=\"32\" viewBox=\"0 0 15 32\" preserveAspectRatio=\"xMidYMid meet\" aria-labelledby='av-svg-title-7' aria-describedby='av-svg-desc-7' role=\"graphics-symbol\" aria-hidden=\"true\">\n<title id='av-svg-title-7'>F\u00f6reg\u00e5ende<\/title>\n<desc id='av-svg-desc-7'>F\u00f6reg\u00e5ende<\/desc>\n<path d=\"M14.464 27.84q0.832 0.832 0 1.536-0.832 0.832-1.536 0l-12.544-12.608q-0.768-0.768 0-1.6l12.544-12.608q0.704-0.832 1.536 0 0.832 0.704 0 1.536l-11.456 11.904z\"><\/path>\n<\/svg><span class='avia_hidden_link_text'>F\u00f6reg\u00e5ende<\/span><\/a><a href='#next' class='next-slide  avia-svg-icon avia-font-svg_entypo-fontello' data-av_svg_icon='right-open-big' data-av_iconset='svg_entypo-fontello' tabindex='-1' title=\"N\u00e4sta\"><svg version=\"1.1\" xmlns=\"http:\/\/www.w3.org\/2000\/svg\" width=\"15\" height=\"32\" viewBox=\"0 0 15 32\" preserveAspectRatio=\"xMidYMid meet\" aria-labelledby='av-svg-title-8' aria-describedby='av-svg-desc-8' role=\"graphics-symbol\" aria-hidden=\"true\">\n<title id='av-svg-title-8'>N\u00e4sta<\/title>\n<desc id='av-svg-desc-8'>N\u00e4sta<\/desc>\n<path d=\"M0.416 27.84l11.456-11.84-11.456-11.904q-0.832-0.832 0-1.536 0.832-0.832 1.536 0l12.544 12.608q0.768 0.832 0 1.6l-12.544 12.608q-0.704 0.832-1.536 0-0.832-0.704 0-1.536z\"><\/path>\n<\/svg><span class='avia_hidden_link_text'>N\u00e4sta<\/span><\/a><\/div><div class='avia-slideshow-dots avia-slideshow-controls'><a href='#1' class='goto-slide active' >1<\/a><a href='#2' class='goto-slide ' >2<\/a><a href='#3' class='goto-slide ' >3<\/a><\/div><\/div><\/div><div id='after_full_slider_4'  class='main_color av_default_container_wrap container_wrap fullsize'  ><div class='container av-section-cont-open' ><div class='template-page content  av-content-full alpha units'><div class='post-entry post-entry-type-page post-entry-3823'><div class='entry-content-wrapper clearfix'>\n\n<style type=\"text\/css\" data-created_by=\"avia_inline_auto\" id=\"style-css-av-u97k-5739904a6f365a54f1b914f2cdf57565\">\n#top .hr.hr-invisible.av-u97k-5739904a6f365a54f1b914f2cdf57565{\nheight:20px;\n}\n<\/style>\n<div  class='hr av-u97k-5739904a6f365a54f1b914f2cdf57565 hr-invisible  avia-builder-el-29  el_after_av_slideshow_full  el_before_av_section  avia-builder-el-no-sibling '><span class='hr-inner '><span class=\"hr-inner-style\"><\/span><\/span><\/div>\n<\/div><\/div><\/div><!-- close content main div --><\/div><\/div>\n<style type=\"text\/css\" data-created_by=\"avia_inline_auto\" id=\"style-css-av-mdvrqtus-a92e812009a587da3ead905b961ee05b\">\n.avia-section.av-mdvrqtus-a92e812009a587da3ead905b961ee05b{\nbackground-color:#d68c90;\nbackground-image:unset;\n}\n<\/style>\n<div id='av_section_3'  class='avia-section av-mdvrqtus-a92e812009a587da3ead905b961ee05b main_color avia-section-default avia-no-border-styling  avia-builder-el-30  el_after_av_hr  el_before_av_blog  avia-bg-style-scroll container_wrap fullsize'  ><div class='container av-section-cont-open' ><div class='template-page content  av-content-full alpha units'><div class='post-entry post-entry-type-page post-entry-3823'><div class='entry-content-wrapper clearfix'>\n\n<style type=\"text\/css\" data-created_by=\"avia_inline_auto\" id=\"style-css-av-qxgg-5eea8708adb8a4bd8e4e4e6f3e85349e\">\n#top .av-special-heading.av-qxgg-5eea8708adb8a4bd8e4e4e6f3e85349e{\npadding-bottom:10px;\ncolor:#ffffff;\n}\nbody .av-special-heading.av-qxgg-5eea8708adb8a4bd8e4e4e6f3e85349e .av-special-heading-tag .heading-char{\nfont-size:25px;\n}\n.av-special-heading.av-qxgg-5eea8708adb8a4bd8e4e4e6f3e85349e .special-heading-inner-border{\nborder-color:#ffffff;\n}\n.av-special-heading.av-qxgg-5eea8708adb8a4bd8e4e4e6f3e85349e .av-subheading{\nfont-size:15px;\n}\n<\/style>\n<div  class='av-special-heading av-qxgg-5eea8708adb8a4bd8e4e4e6f3e85349e av-special-heading-h3 custom-color-heading blockquote modern-quote modern-centered  avia-builder-el-31  avia-builder-el-no-sibling '><h3 class='av-special-heading-tag '  itemprop=\"headline\"  >ART\u00cdCULOS DE INTER\u00c9S<\/h3><div class=\"special-heading-border\"><div class=\"special-heading-inner-border\"><\/div><\/div><\/div>\n<\/div><\/div><\/div><!-- close content main div --><\/div><\/div><div id='after_section_3'  class='main_color av_default_container_wrap container_wrap fullsize'  ><div class='container av-section-cont-open' ><div class='template-page content  av-content-full alpha units'><div class='post-entry post-entry-type-page post-entry-3823'><div class='entry-content-wrapper clearfix'>\n<div  data-slideshow-options=\"{&quot;animation&quot;:&quot;fade&quot;,&quot;autoplay&quot;:false,&quot;loop_autoplay&quot;:&quot;once&quot;,&quot;interval&quot;:5,&quot;loop_manual&quot;:&quot;manual-endless&quot;,&quot;autoplay_stopper&quot;:false,&quot;noNavigation&quot;:false,&quot;show_slide_delay&quot;:90}\" class='avia-content-slider avia-content-grid-active avia-content-slider1 avia-content-slider-even  avia-builder-el-32  el_after_av_section  avia-builder-el-no-sibling  av-slideshow-ui av-control-default   av-no-slider-navigation av-slideshow-manual av-loop-once av-loop-manual-endless '  itemscope=\"itemscope\" itemtype=\"https:\/\/schema.org\/Blog\" ><div class=\"avia-content-slider-inner\"><div class=\"slide-entry-wrap\"><article class='slide-entry flex_column  post-entry post-entry-3868 slide-entry-overview slide-loop-1 slide-parity-odd  av_one_half first real-thumbnail posttype-post post-format-standard'  itemscope=\"itemscope\" itemtype=\"https:\/\/schema.org\/CreativeWork\" ><a href='https:\/\/vendemivivienda.com\/sv\/fordelar-med-att-anlita-en-svensk-fastighetsbyra-att-salja-din-bostad-pa-costa-blanca\/' data-rel='slide-1' class='slide-image' title='F\u00f6rdelar med att anlita en svensk fastighetsbyr\u00e5 att s\u00e4lja din bostad p\u00e5 Costa Blanca'><img decoding=\"async\" fetchpriority=\"high\" width=\"1920\" height=\"900\" src=\"https:\/\/vendemivivienda.com\/wp-content\/uploads\/2025\/08\/articulo_santa_pola.jpg\" class=\"wp-image-3867 avia-img-lazy-loading-not-3867 attachment-no scaling size-no scaling wp-post-image\" alt=\"\" srcset=\"https:\/\/vendemivivienda.com\/wp-content\/uploads\/2025\/08\/articulo_santa_pola.jpg 1920w, https:\/\/vendemivivienda.com\/wp-content\/uploads\/2025\/08\/articulo_santa_pola-300x141.jpg 300w, https:\/\/vendemivivienda.com\/wp-content\/uploads\/2025\/08\/articulo_santa_pola-1030x483.jpg 1030w, https:\/\/vendemivivienda.com\/wp-content\/uploads\/2025\/08\/articulo_santa_pola-768x360.jpg 768w, https:\/\/vendemivivienda.com\/wp-content\/uploads\/2025\/08\/articulo_santa_pola-1536x720.jpg 1536w, https:\/\/vendemivivienda.com\/wp-content\/uploads\/2025\/08\/articulo_santa_pola-1500x703.jpg 1500w, https:\/\/vendemivivienda.com\/wp-content\/uploads\/2025\/08\/articulo_santa_pola-705x330.jpg 705w\" sizes=\"(max-width: 1920px) 100vw, 1920px\" \/><\/a><div class=\"slide-content\"><header class=\"entry-content-header\" aria-label=\"Slide: F\u00f6rdelar med att anlita en svensk fastighetsbyr\u00e5 att s\u00e4lja din bostad p\u00e5 Costa Blanca\"><h3 class='slide-entry-title entry-title '  itemprop=\"headline\" ><a href='https:\/\/vendemivivienda.com\/sv\/fordelar-med-att-anlita-en-svensk-fastighetsbyra-att-salja-din-bostad-pa-costa-blanca\/' title='F\u00f6rdelar med att anlita en svensk fastighetsbyr\u00e5 att s\u00e4lja din bostad p\u00e5 Costa Blanca'>F\u00f6rdelar med att anlita en svensk fastighetsbyr\u00e5 att s\u00e4lja din bostad p\u00e5 Costa Blanca<\/a><\/h3><span class=\"av-vertical-delimiter\"><\/span><\/header><div class=\"slide-meta\"><time class='slide-meta-time updated'  itemprop=\"datePublished\" datetime=\"2025-08-03T12:00:05+00:00\" >augusti 3, 2025<\/time><div class=\"slide-meta-del\">\/<\/div><div class=\"slide-meta-comments\"><a href='https:\/\/vendemivivienda.com\/sv\/fordelar-med-att-anlita-en-svensk-fastighetsbyra-att-salja-din-bostad-pa-costa-blanca\/#respond'>0 Kommentarer<\/a><\/div><\/div><div class='slide-entry-excerpt entry-content'  itemprop=\"text\" >F\u00f6rdelar med att anlita en svensk fastighetsbyr\u00e5 att s\u00e4lja din bostad p\u00e5 Costa Blanca\r\n\r\nAtt s\u00e4lja en bostad beh\u00f6ver inte vara kr\u00e5ngligt \u2013 men det g\u00e4ller att v\u00e4lja sin m\u00e4klare med omsorg.\r\n\r\nMed oss f\u00e5r du n\u00e5gon som faktiskt kan omr\u00e5det, f\u00f6rst\u00e5r hur marknaden fungerar och vet vad som kr\u00e4vs f\u00f6r att f\u00e5 din bostad s\u00e5ld p\u00e5 ett tryggt s\u00e4tt.\r\n\r\nVi \u00e4r den st\u00f6rsta svenska m\u00e4klaren p\u00e5 Costa Blanca, med 8 kontor och ca 40 svensktalande m\u00e4klare p\u00e5 plats. Det betyder att du alltid har n\u00e5gon n\u00e4ra till hands som kan guida dig r\u00e4tt och ta hand om hela processen \u2013 utan stress och on\u00f6diga problem.<div class=\"read-more-link\"><a href=\"https:\/\/vendemivivienda.com\/sv\/fordelar-med-att-anlita-en-svensk-fastighetsbyra-att-salja-din-bostad-pa-costa-blanca\/\" class=\"more-link\">L\u00e4s mer<span class='more-link-arrow avia-svg-icon avia-font-svg_entypo-fontello' data-av_svg_icon='right-open-big' data-av_iconset='svg_entypo-fontello'><svg version=\"1.1\" xmlns=\"http:\/\/www.w3.org\/2000\/svg\" width=\"15\" height=\"32\" viewBox=\"0 0 15 32\" preserveAspectRatio=\"xMidYMid meet\" role=\"graphics-symbol\" aria-hidden=\"true\">\n<path d=\"M0.416 27.84l11.456-11.84-11.456-11.904q-0.832-0.832 0-1.536 0.832-0.832 1.536 0l12.544 12.608q0.768 0.832 0 1.6l-12.544 12.608q-0.704 0.832-1.536 0-0.832-0.704 0-1.536z\"><\/path>\n<\/svg><\/span><\/a><\/div><\/div><\/div><footer class=\"entry-footer\"><\/footer><span class='hidden'>\n\t\t\t\t<span class='av-structured-data'  itemprop=\"image\" itemscope=\"itemscope\" itemtype=\"https:\/\/schema.org\/ImageObject\" >\n\t\t\t\t\t\t<span itemprop='url'>https:\/\/vendemivivienda.com\/wp-content\/uploads\/2025\/08\/articulo_santa_pola.jpg<\/span>\n\t\t\t\t\t\t<span itemprop='height'>900<\/span>\n\t\t\t\t\t\t<span itemprop='width'>1920<\/span>\n\t\t\t\t<\/span>\n\t\t\t\t<span class='av-structured-data'  itemprop=\"publisher\" itemtype=\"https:\/\/schema.org\/Organization\" itemscope=\"itemscope\" >\n\t\t\t\t\t\t<span itemprop='name'>admin<\/span>\n\t\t\t\t\t\t<span itemprop='logo' itemscope itemtype='https:\/\/schema.org\/ImageObject'>\n\t\t\t\t\t\t\t<span itemprop='url'>https:\/\/vendemivivienda.com\/wp-content\/uploads\/2025\/07\/logo-1.png<\/span>\n\t\t\t\t\t\t<\/span>\n\t\t\t\t<\/span><span class='av-structured-data'  itemprop=\"author\" itemscope=\"itemscope\" itemtype=\"https:\/\/schema.org\/Person\" ><span itemprop='name'>admin<\/span><\/span><span class='av-structured-data'  itemprop=\"datePublished\" datetime=\"2023-05-23T09:50:59+00:00\" >2025-08-03 12:00:05<\/span><span class='av-structured-data'  itemprop=\"dateModified\" itemtype=\"https:\/\/schema.org\/dateModified\" >2026-04-24 19:54:18<\/span><span class='av-structured-data'  itemprop=\"mainEntityOfPage\" itemtype=\"https:\/\/schema.org\/mainEntityOfPage\" ><span itemprop='name'>F\u00f6rdelar med att anlita en svensk fastighetsbyr\u00e5 att s\u00e4lja din bostad p\u00e5 Costa Blanca<\/span><\/span><\/span><\/article><article class='slide-entry flex_column  post-entry post-entry-3875 slide-entry-overview slide-loop-2 slide-parity-even  av_one_half  real-thumbnail posttype-post post-format-standard'  itemscope=\"itemscope\" itemtype=\"https:\/\/schema.org\/CreativeWork\" ><a href='https:\/\/vendemivivienda.com\/sv\/salja-bostad-pa-costa-blanca-sa-lyckas-du-i-alicante-och-torrevieja\/' data-rel='slide-1' class='slide-image' title='S\u00e4lja bostad p\u00e5 Costa Blanca \u2013 s\u00e5 lyckas du i Alicante och Torrevieja'><img decoding=\"async\" fetchpriority=\"high\" width=\"1920\" height=\"900\" src=\"https:\/\/vendemivivienda.com\/wp-content\/uploads\/2025\/08\/articulo_alicante_2.jpg\" class=\"wp-image-3874 avia-img-lazy-loading-not-3874 attachment-no scaling size-no scaling wp-post-image\" alt=\"\" srcset=\"https:\/\/vendemivivienda.com\/wp-content\/uploads\/2025\/08\/articulo_alicante_2.jpg 1920w, https:\/\/vendemivivienda.com\/wp-content\/uploads\/2025\/08\/articulo_alicante_2-300x141.jpg 300w, https:\/\/vendemivivienda.com\/wp-content\/uploads\/2025\/08\/articulo_alicante_2-1030x483.jpg 1030w, https:\/\/vendemivivienda.com\/wp-content\/uploads\/2025\/08\/articulo_alicante_2-768x360.jpg 768w, https:\/\/vendemivivienda.com\/wp-content\/uploads\/2025\/08\/articulo_alicante_2-1536x720.jpg 1536w, https:\/\/vendemivivienda.com\/wp-content\/uploads\/2025\/08\/articulo_alicante_2-1500x703.jpg 1500w, https:\/\/vendemivivienda.com\/wp-content\/uploads\/2025\/08\/articulo_alicante_2-705x330.jpg 705w\" sizes=\"(max-width: 1920px) 100vw, 1920px\" \/><\/a><div class=\"slide-content\"><header class=\"entry-content-header\" aria-label=\"Slide: S\u00e4lja bostad p\u00e5 Costa Blanca \u2013 s\u00e5 lyckas du i Alicante och Torrevieja\"><h3 class='slide-entry-title entry-title '  itemprop=\"headline\" ><a href='https:\/\/vendemivivienda.com\/sv\/salja-bostad-pa-costa-blanca-sa-lyckas-du-i-alicante-och-torrevieja\/' title='S\u00e4lja bostad p\u00e5 Costa Blanca \u2013 s\u00e5 lyckas du i Alicante och Torrevieja'>S\u00e4lja bostad p\u00e5 Costa Blanca \u2013 s\u00e5 lyckas du i Alicante och Torrevieja<\/a><\/h3><span class=\"av-vertical-delimiter\"><\/span><\/header><div class=\"slide-meta\"><time class='slide-meta-time updated'  itemprop=\"datePublished\" datetime=\"2025-07-30T12:00:55+00:00\" >juli 30, 2025<\/time><div class=\"slide-meta-del\">\/<\/div><div class=\"slide-meta-comments\"><a href='https:\/\/vendemivivienda.com\/sv\/salja-bostad-pa-costa-blanca-sa-lyckas-du-i-alicante-och-torrevieja\/#respond'>0 Kommentarer<\/a><\/div><\/div><div class='slide-entry-excerpt entry-content'  itemprop=\"text\" >S\u00e4lja bostad p\u00e5 Costa Blanca \u2013 s\u00e5 lyckas du i Alicante och Torrevieja\r\n\r\nAtt s\u00e4lja en bostad p\u00e5 Costa Blanca kr\u00e4ver mer \u00e4n att bara l\u00e4gga ut en annons. Marknaden f\u00f6r\u00e4ndras snabbt, och med r\u00e4tt strategi \u2013 och r\u00e4tt m\u00e4klare i Alicante och Torrevieja \u2013 kan du b\u00e5de s\u00e4lja snabbare och f\u00e5 b\u00e4ttre betalt.\r\nSom den st\u00f6rsta svenska m\u00e4klaren p\u00e5 plats h\u00e4r p\u00e5 Costa Blanca, har vi branschens mest attraktiva kundregister, b\u00e5de f\u00f6r svenska och spanska k\u00f6pare samt alla andra nationaliteter som just nu s\u00f6ker boende d\u00e4r du bor.\r\nVi har stora exponeringsytor p\u00e5 Alicantes och Torreviejas mest trafikerade och popul\u00e4ra adresser. V\u00e5ra skyltf\u00f6nster passeras av tusentals spanjorer och turister varje dag vilket ger din bostad en extra f\u00f6rdel. Ut\u00f6ver traditionella kanaler som Idealista har vi \u00e4ven marknadsf\u00f6ring som n\u00e5r ut i hela Europa.<div class=\"read-more-link\"><a href=\"https:\/\/vendemivivienda.com\/sv\/salja-bostad-pa-costa-blanca-sa-lyckas-du-i-alicante-och-torrevieja\/\" class=\"more-link\">L\u00e4s mer<span class='more-link-arrow avia-svg-icon avia-font-svg_entypo-fontello' data-av_svg_icon='right-open-big' data-av_iconset='svg_entypo-fontello'><svg version=\"1.1\" xmlns=\"http:\/\/www.w3.org\/2000\/svg\" width=\"15\" height=\"32\" viewBox=\"0 0 15 32\" preserveAspectRatio=\"xMidYMid meet\" role=\"graphics-symbol\" aria-hidden=\"true\">\n<path d=\"M0.416 27.84l11.456-11.84-11.456-11.904q-0.832-0.832 0-1.536 0.832-0.832 1.536 0l12.544 12.608q0.768 0.832 0 1.6l-12.544 12.608q-0.704 0.832-1.536 0-0.832-0.704 0-1.536z\"><\/path>\n<\/svg><\/span><\/a><\/div><\/div><\/div><footer class=\"entry-footer\"><\/footer><span class='hidden'>\n\t\t\t\t<span class='av-structured-data'  itemprop=\"image\" itemscope=\"itemscope\" itemtype=\"https:\/\/schema.org\/ImageObject\" >\n\t\t\t\t\t\t<span itemprop='url'>https:\/\/vendemivivienda.com\/wp-content\/uploads\/2025\/08\/articulo_alicante_2.jpg<\/span>\n\t\t\t\t\t\t<span itemprop='height'>900<\/span>\n\t\t\t\t\t\t<span itemprop='width'>1920<\/span>\n\t\t\t\t<\/span>\n\t\t\t\t<span class='av-structured-data'  itemprop=\"publisher\" itemtype=\"https:\/\/schema.org\/Organization\" itemscope=\"itemscope\" >\n\t\t\t\t\t\t<span itemprop='name'>admin<\/span>\n\t\t\t\t\t\t<span itemprop='logo' itemscope itemtype='https:\/\/schema.org\/ImageObject'>\n\t\t\t\t\t\t\t<span itemprop='url'>https:\/\/vendemivivienda.com\/wp-content\/uploads\/2025\/07\/logo-1.png<\/span>\n\t\t\t\t\t\t<\/span>\n\t\t\t\t<\/span><span class='av-structured-data'  itemprop=\"author\" itemscope=\"itemscope\" itemtype=\"https:\/\/schema.org\/Person\" ><span itemprop='name'>admin<\/span><\/span><span class='av-structured-data'  itemprop=\"datePublished\" datetime=\"2023-05-23T09:50:59+00:00\" >2025-07-30 12:00:55<\/span><span class='av-structured-data'  itemprop=\"dateModified\" itemtype=\"https:\/\/schema.org\/dateModified\" >2026-04-24 19:54:46<\/span><span class='av-structured-data'  itemprop=\"mainEntityOfPage\" itemtype=\"https:\/\/schema.org\/mainEntityOfPage\" ><span itemprop='name'>S\u00e4lja bostad p\u00e5 Costa Blanca \u2013 s\u00e5 lyckas du i Alicante och Torrevieja<\/span><\/span><\/span><\/article><\/div><div class=\"slide-entry-wrap\"><article class='slide-entry flex_column  post-entry post-entry-3881 slide-entry-overview slide-loop-3 slide-parity-odd  av_one_half first real-thumbnail posttype-post post-format-standard'  itemscope=\"itemscope\" itemtype=\"https:\/\/schema.org\/CreativeWork\" ><a href='https:\/\/vendemivivienda.com\/sv\/varfor-costa-blanca-ar-ett-av-spaniens-mest-efterfragade-omraden\/' data-rel='slide-1' class='slide-image' title='Varf\u00f6r Costa Blanca \u00e4r ett av Spaniens mest efterfr\u00e5gade omr\u00e5den?'><img decoding=\"async\" fetchpriority=\"high\" width=\"1920\" height=\"900\" src=\"https:\/\/vendemivivienda.com\/wp-content\/uploads\/2025\/08\/articulo_javea.jpg\" class=\"wp-image-3880 avia-img-lazy-loading-not-3880 attachment-no scaling size-no scaling wp-post-image\" alt=\"\" srcset=\"https:\/\/vendemivivienda.com\/wp-content\/uploads\/2025\/08\/articulo_javea.jpg 1920w, https:\/\/vendemivivienda.com\/wp-content\/uploads\/2025\/08\/articulo_javea-300x141.jpg 300w, https:\/\/vendemivivienda.com\/wp-content\/uploads\/2025\/08\/articulo_javea-1030x483.jpg 1030w, https:\/\/vendemivivienda.com\/wp-content\/uploads\/2025\/08\/articulo_javea-768x360.jpg 768w, https:\/\/vendemivivienda.com\/wp-content\/uploads\/2025\/08\/articulo_javea-1536x720.jpg 1536w, https:\/\/vendemivivienda.com\/wp-content\/uploads\/2025\/08\/articulo_javea-1500x703.jpg 1500w, https:\/\/vendemivivienda.com\/wp-content\/uploads\/2025\/08\/articulo_javea-705x330.jpg 705w\" sizes=\"(max-width: 1920px) 100vw, 1920px\" \/><\/a><div class=\"slide-content\"><header class=\"entry-content-header\" aria-label=\"Slide: Varf\u00f6r Costa Blanca \u00e4r ett av Spaniens mest efterfr\u00e5gade omr\u00e5den?\"><h3 class='slide-entry-title entry-title '  itemprop=\"headline\" ><a href='https:\/\/vendemivivienda.com\/sv\/varfor-costa-blanca-ar-ett-av-spaniens-mest-efterfragade-omraden\/' title='Varf\u00f6r Costa Blanca \u00e4r ett av Spaniens mest efterfr\u00e5gade omr\u00e5den?'>Varf\u00f6r Costa Blanca \u00e4r ett av Spaniens mest efterfr\u00e5gade omr\u00e5den?<\/a><\/h3><span class=\"av-vertical-delimiter\"><\/span><\/header><div class=\"slide-meta\"><time class='slide-meta-time updated'  itemprop=\"datePublished\" datetime=\"2025-07-27T12:00:21+00:00\" >juli 27, 2025<\/time><div class=\"slide-meta-del\">\/<\/div><div class=\"slide-meta-comments\"><a href='https:\/\/vendemivivienda.com\/sv\/varfor-costa-blanca-ar-ett-av-spaniens-mest-efterfragade-omraden\/#respond'>0 Kommentarer<\/a><\/div><\/div><div class='slide-entry-excerpt entry-content'  itemprop=\"text\" >Costa Blanca \u00e4r mer \u00e4n bara sol och str\u00e4nder \u2013 det \u00e4r en av Spaniens mest attraktiva regioner f\u00f6r b\u00e5de boende och investering. Med r\u00e4tt m\u00e4klare i Alicante och Torrevieja kan du som s\u00e4ljare dra full nytta av den h\u00f6ga efterfr\u00e5gan och n\u00e5 r\u00e4tt k\u00f6pare snabbare.<div class=\"read-more-link\"><a href=\"https:\/\/vendemivivienda.com\/sv\/varfor-costa-blanca-ar-ett-av-spaniens-mest-efterfragade-omraden\/\" class=\"more-link\">L\u00e4s mer<span class='more-link-arrow avia-svg-icon avia-font-svg_entypo-fontello' data-av_svg_icon='right-open-big' data-av_iconset='svg_entypo-fontello'><svg version=\"1.1\" xmlns=\"http:\/\/www.w3.org\/2000\/svg\" width=\"15\" height=\"32\" viewBox=\"0 0 15 32\" preserveAspectRatio=\"xMidYMid meet\" role=\"graphics-symbol\" aria-hidden=\"true\">\n<path d=\"M0.416 27.84l11.456-11.84-11.456-11.904q-0.832-0.832 0-1.536 0.832-0.832 1.536 0l12.544 12.608q0.768 0.832 0 1.6l-12.544 12.608q-0.704 0.832-1.536 0-0.832-0.704 0-1.536z\"><\/path>\n<\/svg><\/span><\/a><\/div><\/div><\/div><footer class=\"entry-footer\"><\/footer><span class='hidden'>\n\t\t\t\t<span class='av-structured-data'  itemprop=\"image\" itemscope=\"itemscope\" itemtype=\"https:\/\/schema.org\/ImageObject\" >\n\t\t\t\t\t\t<span itemprop='url'>https:\/\/vendemivivienda.com\/wp-content\/uploads\/2025\/08\/articulo_javea.jpg<\/span>\n\t\t\t\t\t\t<span itemprop='height'>900<\/span>\n\t\t\t\t\t\t<span itemprop='width'>1920<\/span>\n\t\t\t\t<\/span>\n\t\t\t\t<span class='av-structured-data'  itemprop=\"publisher\" itemtype=\"https:\/\/schema.org\/Organization\" itemscope=\"itemscope\" >\n\t\t\t\t\t\t<span itemprop='name'>admin<\/span>\n\t\t\t\t\t\t<span itemprop='logo' itemscope itemtype='https:\/\/schema.org\/ImageObject'>\n\t\t\t\t\t\t\t<span itemprop='url'>https:\/\/vendemivivienda.com\/wp-content\/uploads\/2025\/07\/logo-1.png<\/span>\n\t\t\t\t\t\t<\/span>\n\t\t\t\t<\/span><span class='av-structured-data'  itemprop=\"author\" itemscope=\"itemscope\" itemtype=\"https:\/\/schema.org\/Person\" ><span itemprop='name'>admin<\/span><\/span><span class='av-structured-data'  itemprop=\"datePublished\" datetime=\"2023-05-23T09:50:59+00:00\" >2025-07-27 12:00:21<\/span><span class='av-structured-data'  itemprop=\"dateModified\" itemtype=\"https:\/\/schema.org\/dateModified\" >2026-04-24 19:55:04<\/span><span class='av-structured-data'  itemprop=\"mainEntityOfPage\" itemtype=\"https:\/\/schema.org\/mainEntityOfPage\" ><span itemprop='name'>Varf\u00f6r Costa Blanca \u00e4r ett av Spaniens mest efterfr\u00e5gade omr\u00e5den?<\/span><\/span><\/span><\/article><article class='slide-entry flex_column  post-entry post-entry-3886 slide-entry-overview slide-loop-4 slide-parity-even  av_one_half  real-thumbnail posttype-post post-format-standard'  itemscope=\"itemscope\" itemtype=\"https:\/\/schema.org\/CreativeWork\" ><a href='https:\/\/vendemivivienda.com\/sv\/salja-bostad-i-alicante-eller-torrevieja-sa-forbereder-du-din-bostad-for-snabbare-forsaljning-och-battre-pris\/' data-rel='slide-1' class='slide-image' title='S\u00e4lja bostad i Alicante eller Torrevieja? S\u00e5 f\u00f6rbereder du din bostad f\u00f6r snabbare f\u00f6rs\u00e4ljning och b\u00e4ttre pris.'><img decoding=\"async\" fetchpriority=\"high\" width=\"1920\" height=\"900\" src=\"https:\/\/vendemivivienda.com\/wp-content\/uploads\/2025\/08\/articulo_villajoyosa.jpg\" class=\"wp-image-3885 avia-img-lazy-loading-not-3885 attachment-no scaling size-no scaling wp-post-image\" alt=\"\" srcset=\"https:\/\/vendemivivienda.com\/wp-content\/uploads\/2025\/08\/articulo_villajoyosa.jpg 1920w, https:\/\/vendemivivienda.com\/wp-content\/uploads\/2025\/08\/articulo_villajoyosa-300x141.jpg 300w, https:\/\/vendemivivienda.com\/wp-content\/uploads\/2025\/08\/articulo_villajoyosa-1030x483.jpg 1030w, https:\/\/vendemivivienda.com\/wp-content\/uploads\/2025\/08\/articulo_villajoyosa-768x360.jpg 768w, https:\/\/vendemivivienda.com\/wp-content\/uploads\/2025\/08\/articulo_villajoyosa-1536x720.jpg 1536w, https:\/\/vendemivivienda.com\/wp-content\/uploads\/2025\/08\/articulo_villajoyosa-1500x703.jpg 1500w, https:\/\/vendemivivienda.com\/wp-content\/uploads\/2025\/08\/articulo_villajoyosa-705x330.jpg 705w\" sizes=\"(max-width: 1920px) 100vw, 1920px\" \/><\/a><div class=\"slide-content\"><header class=\"entry-content-header\" aria-label=\"Slide: S\u00e4lja bostad i Alicante eller Torrevieja? S\u00e5 f\u00f6rbereder du din bostad f\u00f6r snabbare f\u00f6rs\u00e4ljning och b\u00e4ttre pris.\"><h3 class='slide-entry-title entry-title '  itemprop=\"headline\" ><a href='https:\/\/vendemivivienda.com\/sv\/salja-bostad-i-alicante-eller-torrevieja-sa-forbereder-du-din-bostad-for-snabbare-forsaljning-och-battre-pris\/' title='S\u00e4lja bostad i Alicante eller Torrevieja? S\u00e5 f\u00f6rbereder du din bostad f\u00f6r snabbare f\u00f6rs\u00e4ljning och b\u00e4ttre pris.'>S\u00e4lja bostad i Alicante eller Torrevieja? S\u00e5 f\u00f6rbereder du din bostad f\u00f6r snabbare f\u00f6rs\u00e4ljning och b\u00e4ttre pris.<\/a><\/h3><span class=\"av-vertical-delimiter\"><\/span><\/header><div class=\"slide-meta\"><time class='slide-meta-time updated'  itemprop=\"datePublished\" datetime=\"2025-07-23T12:00:11+00:00\" >juli 23, 2025<\/time><div class=\"slide-meta-del\">\/<\/div><div class=\"slide-meta-comments\"><a href='https:\/\/vendemivivienda.com\/sv\/salja-bostad-i-alicante-eller-torrevieja-sa-forbereder-du-din-bostad-for-snabbare-forsaljning-och-battre-pris\/#respond'>0 Kommentarer<\/a><\/div><\/div><div class='slide-entry-excerpt entry-content'  itemprop=\"text\" >Att s\u00e4lja en bostad p\u00e5 Costa Blanca handlar inte bara om att l\u00e4gga ut en annons. Med r\u00e4tt f\u00f6rberedelser \u2013 och r\u00e4tt m\u00e4klare i Alicante och Torrevieja \u2013 kan du b\u00e5de s\u00e4lja snabbare och \u00f6ka slutpriset.\r\n\r\nH\u00e4r \u00e4r en enkel guide f\u00f6r att maximera v\u00e4rdet p\u00e5 din bostad inf\u00f6r f\u00f6rs\u00e4ljning.<div class=\"read-more-link\"><a href=\"https:\/\/vendemivivienda.com\/sv\/salja-bostad-i-alicante-eller-torrevieja-sa-forbereder-du-din-bostad-for-snabbare-forsaljning-och-battre-pris\/\" class=\"more-link\">L\u00e4s mer<span class='more-link-arrow avia-svg-icon avia-font-svg_entypo-fontello' data-av_svg_icon='right-open-big' data-av_iconset='svg_entypo-fontello'><svg version=\"1.1\" xmlns=\"http:\/\/www.w3.org\/2000\/svg\" width=\"15\" height=\"32\" viewBox=\"0 0 15 32\" preserveAspectRatio=\"xMidYMid meet\" role=\"graphics-symbol\" aria-hidden=\"true\">\n<path d=\"M0.416 27.84l11.456-11.84-11.456-11.904q-0.832-0.832 0-1.536 0.832-0.832 1.536 0l12.544 12.608q0.768 0.832 0 1.6l-12.544 12.608q-0.704 0.832-1.536 0-0.832-0.704 0-1.536z\"><\/path>\n<\/svg><\/span><\/a><\/div><\/div><\/div><footer class=\"entry-footer\"><\/footer><span class='hidden'>\n\t\t\t\t<span class='av-structured-data'  itemprop=\"image\" itemscope=\"itemscope\" itemtype=\"https:\/\/schema.org\/ImageObject\" >\n\t\t\t\t\t\t<span itemprop='url'>https:\/\/vendemivivienda.com\/wp-content\/uploads\/2025\/08\/articulo_villajoyosa.jpg<\/span>\n\t\t\t\t\t\t<span itemprop='height'>900<\/span>\n\t\t\t\t\t\t<span itemprop='width'>1920<\/span>\n\t\t\t\t<\/span>\n\t\t\t\t<span class='av-structured-data'  itemprop=\"publisher\" itemtype=\"https:\/\/schema.org\/Organization\" itemscope=\"itemscope\" >\n\t\t\t\t\t\t<span itemprop='name'>admin<\/span>\n\t\t\t\t\t\t<span itemprop='logo' itemscope itemtype='https:\/\/schema.org\/ImageObject'>\n\t\t\t\t\t\t\t<span itemprop='url'>https:\/\/vendemivivienda.com\/wp-content\/uploads\/2025\/07\/logo-1.png<\/span>\n\t\t\t\t\t\t<\/span>\n\t\t\t\t<\/span><span class='av-structured-data'  itemprop=\"author\" itemscope=\"itemscope\" itemtype=\"https:\/\/schema.org\/Person\" ><span itemprop='name'>admin<\/span><\/span><span class='av-structured-data'  itemprop=\"datePublished\" datetime=\"2023-05-23T09:50:59+00:00\" >2025-07-23 12:00:11<\/span><span class='av-structured-data'  itemprop=\"dateModified\" itemtype=\"https:\/\/schema.org\/dateModified\" >2026-04-24 19:55:19<\/span><span class='av-structured-data'  itemprop=\"mainEntityOfPage\" itemtype=\"https:\/\/schema.org\/mainEntityOfPage\" ><span itemprop='name'>S\u00e4lja bostad i Alicante eller Torrevieja? S\u00e5 f\u00f6rbereder du din bostad f\u00f6r snabbare f\u00f6rs\u00e4ljning och b\u00e4ttre pris.<\/span><\/span><\/span><\/article><\/div><div class=\"slide-entry-wrap\"><article class='slide-entry flex_column  post-entry post-entry-3891 slide-entry-overview slide-loop-5 slide-parity-odd  av_one_half first real-thumbnail posttype-post post-format-standard'  itemscope=\"itemscope\" itemtype=\"https:\/\/schema.org\/CreativeWork\" ><a href='https:\/\/vendemivivienda.com\/sv\/salja-bostad-pa-costa-blanca-darfor-ar-det-ratt-lage-just-nu\/' data-rel='slide-1' class='slide-image' title='S\u00e4lja bostad p\u00e5 Costa Blanca \u2013 d\u00e4rf\u00f6r \u00e4r det r\u00e4tt l\u00e4ge just nu!'><img decoding=\"async\" fetchpriority=\"high\" width=\"1920\" height=\"900\" src=\"https:\/\/vendemivivienda.com\/wp-content\/uploads\/2025\/08\/articulo_torrevieja.jpg\" class=\"wp-image-3890 avia-img-lazy-loading-not-3890 attachment-no scaling size-no scaling wp-post-image\" alt=\"\" srcset=\"https:\/\/vendemivivienda.com\/wp-content\/uploads\/2025\/08\/articulo_torrevieja.jpg 1920w, https:\/\/vendemivivienda.com\/wp-content\/uploads\/2025\/08\/articulo_torrevieja-300x141.jpg 300w, https:\/\/vendemivivienda.com\/wp-content\/uploads\/2025\/08\/articulo_torrevieja-1030x483.jpg 1030w, https:\/\/vendemivivienda.com\/wp-content\/uploads\/2025\/08\/articulo_torrevieja-768x360.jpg 768w, https:\/\/vendemivivienda.com\/wp-content\/uploads\/2025\/08\/articulo_torrevieja-1536x720.jpg 1536w, https:\/\/vendemivivienda.com\/wp-content\/uploads\/2025\/08\/articulo_torrevieja-1500x703.jpg 1500w, https:\/\/vendemivivienda.com\/wp-content\/uploads\/2025\/08\/articulo_torrevieja-705x330.jpg 705w\" sizes=\"(max-width: 1920px) 100vw, 1920px\" \/><\/a><div class=\"slide-content\"><header class=\"entry-content-header\" aria-label=\"Slide: S\u00e4lja bostad p\u00e5 Costa Blanca \u2013 d\u00e4rf\u00f6r \u00e4r det r\u00e4tt l\u00e4ge just nu!\"><h3 class='slide-entry-title entry-title '  itemprop=\"headline\" ><a href='https:\/\/vendemivivienda.com\/sv\/salja-bostad-pa-costa-blanca-darfor-ar-det-ratt-lage-just-nu\/' title='S\u00e4lja bostad p\u00e5 Costa Blanca \u2013 d\u00e4rf\u00f6r \u00e4r det r\u00e4tt l\u00e4ge just nu!'>S\u00e4lja bostad p\u00e5 Costa Blanca \u2013 d\u00e4rf\u00f6r \u00e4r det r\u00e4tt l\u00e4ge just nu!<\/a><\/h3><span class=\"av-vertical-delimiter\"><\/span><\/header><div class=\"slide-meta\"><time class='slide-meta-time updated'  itemprop=\"datePublished\" datetime=\"2025-07-20T12:00:22+00:00\" >juli 20, 2025<\/time><div class=\"slide-meta-del\">\/<\/div><div class=\"slide-meta-comments\"><a href='https:\/\/vendemivivienda.com\/sv\/salja-bostad-pa-costa-blanca-darfor-ar-det-ratt-lage-just-nu\/#respond'>0 Kommentarer<\/a><\/div><\/div><div class='slide-entry-excerpt entry-content'  itemprop=\"text\" >\u00c4ger du en bostad p\u00e5 Costa Blanca? D\u00e5 sitter du i en v\u00e4ldigt bra sits. Efterfr\u00e5gan \u00f6kar, priserna stiger \u2013 och med r\u00e4tt m\u00e4klare i Alicante och Torrevieja kan du s\u00e4lja snabbt och till ett riktigt bra pris.\r\n\r\nH\u00e4r \u00e4r varf\u00f6r just nu \u00e4r ett perfekt tillf\u00e4lle att s\u00e4lja.<div class=\"read-more-link\"><a href=\"https:\/\/vendemivivienda.com\/sv\/salja-bostad-pa-costa-blanca-darfor-ar-det-ratt-lage-just-nu\/\" class=\"more-link\">L\u00e4s mer<span class='more-link-arrow avia-svg-icon avia-font-svg_entypo-fontello' data-av_svg_icon='right-open-big' data-av_iconset='svg_entypo-fontello'><svg version=\"1.1\" xmlns=\"http:\/\/www.w3.org\/2000\/svg\" width=\"15\" height=\"32\" viewBox=\"0 0 15 32\" preserveAspectRatio=\"xMidYMid meet\" role=\"graphics-symbol\" aria-hidden=\"true\">\n<path d=\"M0.416 27.84l11.456-11.84-11.456-11.904q-0.832-0.832 0-1.536 0.832-0.832 1.536 0l12.544 12.608q0.768 0.832 0 1.6l-12.544 12.608q-0.704 0.832-1.536 0-0.832-0.704 0-1.536z\"><\/path>\n<\/svg><\/span><\/a><\/div><\/div><\/div><footer class=\"entry-footer\"><\/footer><span class='hidden'>\n\t\t\t\t<span class='av-structured-data'  itemprop=\"image\" itemscope=\"itemscope\" itemtype=\"https:\/\/schema.org\/ImageObject\" >\n\t\t\t\t\t\t<span itemprop='url'>https:\/\/vendemivivienda.com\/wp-content\/uploads\/2025\/08\/articulo_torrevieja.jpg<\/span>\n\t\t\t\t\t\t<span itemprop='height'>900<\/span>\n\t\t\t\t\t\t<span itemprop='width'>1920<\/span>\n\t\t\t\t<\/span>\n\t\t\t\t<span class='av-structured-data'  itemprop=\"publisher\" itemtype=\"https:\/\/schema.org\/Organization\" itemscope=\"itemscope\" >\n\t\t\t\t\t\t<span itemprop='name'>admin<\/span>\n\t\t\t\t\t\t<span itemprop='logo' itemscope itemtype='https:\/\/schema.org\/ImageObject'>\n\t\t\t\t\t\t\t<span itemprop='url'>https:\/\/vendemivivienda.com\/wp-content\/uploads\/2025\/07\/logo-1.png<\/span>\n\t\t\t\t\t\t<\/span>\n\t\t\t\t<\/span><span class='av-structured-data'  itemprop=\"author\" itemscope=\"itemscope\" itemtype=\"https:\/\/schema.org\/Person\" ><span itemprop='name'>admin<\/span><\/span><span class='av-structured-data'  itemprop=\"datePublished\" datetime=\"2023-05-23T09:50:59+00:00\" >2025-07-20 12:00:22<\/span><span class='av-structured-data'  itemprop=\"dateModified\" itemtype=\"https:\/\/schema.org\/dateModified\" >2026-04-24 19:55:33<\/span><span class='av-structured-data'  itemprop=\"mainEntityOfPage\" itemtype=\"https:\/\/schema.org\/mainEntityOfPage\" ><span itemprop='name'>S\u00e4lja bostad p\u00e5 Costa Blanca \u2013 d\u00e4rf\u00f6r \u00e4r det r\u00e4tt l\u00e4ge just nu!<\/span><\/span><\/span><\/article><article class='slide-entry flex_column  post-entry post-entry-3896 slide-entry-overview slide-loop-6 slide-parity-even  post-entry-last  av_one_half  real-thumbnail posttype-post post-format-standard'  itemscope=\"itemscope\" itemtype=\"https:\/\/schema.org\/CreativeWork\" ><a href='https:\/\/vendemivivienda.com\/sv\/fa-en-kostnadsfri-onlinevardering-av-din-bostad-i-torrevieja-och-alicante-ta-reda-pa-marknadsvardet-direkt\/' data-rel='slide-1' class='slide-image' title='F\u00e5 en kostnadsfri onlinev\u00e4rdering av din bostad i Torrevieja och Alicante \u2013 Ta reda p\u00e5 marknadsv\u00e4rdet direkt!'><img decoding=\"async\" fetchpriority=\"high\" width=\"1920\" height=\"900\" src=\"https:\/\/vendemivivienda.com\/wp-content\/uploads\/2023\/05\/post02.jpg\" class=\"wp-image-3895 avia-img-lazy-loading-not-3895 attachment-no scaling size-no scaling wp-post-image\" alt=\"\" srcset=\"https:\/\/vendemivivienda.com\/wp-content\/uploads\/2023\/05\/post02.jpg 1920w, https:\/\/vendemivivienda.com\/wp-content\/uploads\/2023\/05\/post02-300x141.jpg 300w, https:\/\/vendemivivienda.com\/wp-content\/uploads\/2023\/05\/post02-1030x483.jpg 1030w, https:\/\/vendemivivienda.com\/wp-content\/uploads\/2023\/05\/post02-768x360.jpg 768w, https:\/\/vendemivivienda.com\/wp-content\/uploads\/2023\/05\/post02-1536x720.jpg 1536w, https:\/\/vendemivivienda.com\/wp-content\/uploads\/2023\/05\/post02-1500x703.jpg 1500w, https:\/\/vendemivivienda.com\/wp-content\/uploads\/2023\/05\/post02-705x330.jpg 705w\" sizes=\"(max-width: 1920px) 100vw, 1920px\" \/><\/a><div class=\"slide-content\"><header class=\"entry-content-header\" aria-label=\"Slide: F\u00e5 en kostnadsfri onlinev\u00e4rdering av din bostad i Torrevieja och Alicante \u2013 Ta reda p\u00e5 marknadsv\u00e4rdet direkt!\"><h3 class='slide-entry-title entry-title '  itemprop=\"headline\" ><a href='https:\/\/vendemivivienda.com\/sv\/fa-en-kostnadsfri-onlinevardering-av-din-bostad-i-torrevieja-och-alicante-ta-reda-pa-marknadsvardet-direkt\/' title='F\u00e5 en kostnadsfri onlinev\u00e4rdering av din bostad i Torrevieja och Alicante \u2013 Ta reda p\u00e5 marknadsv\u00e4rdet direkt!'>F\u00e5 en kostnadsfri onlinev\u00e4rdering av din bostad i Torrevieja och Alicante \u2013 Ta reda p\u00e5 marknadsv\u00e4rdet direkt!<\/a><\/h3><span class=\"av-vertical-delimiter\"><\/span><\/header><div class=\"slide-meta\"><time class='slide-meta-time updated'  itemprop=\"datePublished\" datetime=\"2025-07-16T12:00:28+00:00\" >juli 16, 2025<\/time><div class=\"slide-meta-del\">\/<\/div><div class=\"slide-meta-comments\"><a href='https:\/\/vendemivivienda.com\/sv\/fa-en-kostnadsfri-onlinevardering-av-din-bostad-i-torrevieja-och-alicante-ta-reda-pa-marknadsvardet-direkt\/#respond'>0 Kommentarer<\/a><\/div><\/div><div class='slide-entry-excerpt entry-content'  itemprop=\"text\" >Har du n\u00e5gon g\u00e5ng undrat vad din bostad i Torrevieja eller Alicante \u00e4r v\u00e4rd p\u00e5 dagens marknad? Att k\u00e4nna till v\u00e4rdet p\u00e5 din fastighet \u00e4r avg\u00f6rande n\u00e4r du planerar att s\u00e4lja, funderar p\u00e5 att uppgradera eller renovera eller helt enkelt vill f\u00e5 en tydlig bild av din ekonomiska situation.\r\n\r\nTidigare kr\u00e4vde en bostadsv\u00e4rdering tidsbokningar med m\u00e4klare eller v\u00e4rderingsm\u00e4n, och processen kunde ta flera dagar eller till och med veckor. Idag, i den digitala eran, kan du enkelt f\u00e5 en onlinev\u00e4rdering av din bostad \u2013 snabbt, smidigt och helt utan att l\u00e4mna hemmet.<div class=\"read-more-link\"><a href=\"https:\/\/vendemivivienda.com\/sv\/fa-en-kostnadsfri-onlinevardering-av-din-bostad-i-torrevieja-och-alicante-ta-reda-pa-marknadsvardet-direkt\/\" class=\"more-link\">L\u00e4s mer<span class='more-link-arrow avia-svg-icon avia-font-svg_entypo-fontello' data-av_svg_icon='right-open-big' data-av_iconset='svg_entypo-fontello'><svg version=\"1.1\" xmlns=\"http:\/\/www.w3.org\/2000\/svg\" width=\"15\" height=\"32\" viewBox=\"0 0 15 32\" preserveAspectRatio=\"xMidYMid meet\" role=\"graphics-symbol\" aria-hidden=\"true\">\n<path d=\"M0.416 27.84l11.456-11.84-11.456-11.904q-0.832-0.832 0-1.536 0.832-0.832 1.536 0l12.544 12.608q0.768 0.832 0 1.6l-12.544 12.608q-0.704 0.832-1.536 0-0.832-0.704 0-1.536z\"><\/path>\n<\/svg><\/span><\/a><\/div><\/div><\/div><footer class=\"entry-footer\"><\/footer><span class='hidden'>\n\t\t\t\t<span class='av-structured-data'  itemprop=\"image\" itemscope=\"itemscope\" itemtype=\"https:\/\/schema.org\/ImageObject\" >\n\t\t\t\t\t\t<span itemprop='url'>https:\/\/vendemivivienda.com\/wp-content\/uploads\/2023\/05\/post02.jpg<\/span>\n\t\t\t\t\t\t<span itemprop='height'>900<\/span>\n\t\t\t\t\t\t<span itemprop='width'>1920<\/span>\n\t\t\t\t<\/span>\n\t\t\t\t<span class='av-structured-data'  itemprop=\"publisher\" itemtype=\"https:\/\/schema.org\/Organization\" itemscope=\"itemscope\" >\n\t\t\t\t\t\t<span itemprop='name'>admin<\/span>\n\t\t\t\t\t\t<span itemprop='logo' itemscope itemtype='https:\/\/schema.org\/ImageObject'>\n\t\t\t\t\t\t\t<span itemprop='url'>https:\/\/vendemivivienda.com\/wp-content\/uploads\/2025\/07\/logo-1.png<\/span>\n\t\t\t\t\t\t<\/span>\n\t\t\t\t<\/span><span class='av-structured-data'  itemprop=\"author\" itemscope=\"itemscope\" itemtype=\"https:\/\/schema.org\/Person\" ><span itemprop='name'>admin<\/span><\/span><span class='av-structured-data'  itemprop=\"datePublished\" datetime=\"2023-05-23T09:50:59+00:00\" >2025-07-16 12:00:28<\/span><span class='av-structured-data'  itemprop=\"dateModified\" itemtype=\"https:\/\/schema.org\/dateModified\" >2026-04-24 19:55:47<\/span><span class='av-structured-data'  itemprop=\"mainEntityOfPage\" itemtype=\"https:\/\/schema.org\/mainEntityOfPage\" ><span itemprop='name'>F\u00e5 en kostnadsfri onlinev\u00e4rdering av din bostad i Torrevieja och Alicante \u2013 Ta reda p\u00e5 marknadsv\u00e4rdet direkt!<\/span><\/span><\/span><\/article><\/div><\/div><\/div>\n","protected":false},"excerpt":{"rendered":"","protected":false},"author":1,"featured_media":0,"parent":0,"menu_order":0,"comment_status":"closed","ping_status":"closed","template":"","meta":{"_acf_changed":false,"footnotes":""},"class_list":["post-3823","page","type-page","status-publish","hentry"],"acf":[],"yoast_head":"<!-- This site is optimized with the Yoast SEO plugin v27.4 - https:\/\/yoast.com\/product\/yoast-seo-wordpress\/ -->\n<title>HOME - VENDE MI VIVIENDA<\/title>\n<meta name=\"robots\" content=\"index, follow, max-snippet:-1, max-image-preview:large, max-video-preview:-1\" \/>\n<link rel=\"canonical\" href=\"https:\/\/vendemivivienda.com\/sv\/home\/\" \/>\n<meta property=\"og:locale\" content=\"sv_SE\" \/>\n<meta property=\"og:type\" content=\"article\" \/>\n<meta property=\"og:title\" content=\"HOME - VENDE MI VIVIENDA\" \/>\n<meta property=\"og:url\" content=\"https:\/\/vendemivivienda.com\/sv\/home\/\" \/>\n<meta property=\"og:site_name\" content=\"VENDE MI VIVIENDA\" \/>\n<meta property=\"article:modified_time\" content=\"2026-04-24T18:18:00+00:00\" \/>\n<meta name=\"twitter:card\" content=\"summary_large_image\" \/>\n<meta name=\"twitter:label1\" content=\"Ber\u00e4knad l\u00e4stid\" \/>\n\t<meta name=\"twitter:data1\" content=\"2 minuter\" \/>\n<script type=\"application\/ld+json\" class=\"yoast-schema-graph\">{\"@context\":\"https:\\\/\\\/schema.org\",\"@graph\":[{\"@type\":\"WebPage\",\"@id\":\"https:\\\/\\\/vendemivivienda.com\\\/sv\\\/home\\\/\",\"url\":\"https:\\\/\\\/vendemivivienda.com\\\/sv\\\/home\\\/\",\"name\":\"HOME - VENDE MI VIVIENDA\",\"isPartOf\":{\"@id\":\"https:\\\/\\\/vendemivivienda.com\\\/sv\\\/#website\"},\"datePublished\":\"2023-05-23T09:50:59+00:00\",\"dateModified\":\"2026-04-24T18:18:00+00:00\",\"breadcrumb\":{\"@id\":\"https:\\\/\\\/vendemivivienda.com\\\/sv\\\/home\\\/#breadcrumb\"},\"inLanguage\":\"sv-SE\",\"potentialAction\":[{\"@type\":\"ReadAction\",\"target\":[\"https:\\\/\\\/vendemivivienda.com\\\/sv\\\/home\\\/\"]}]},{\"@type\":\"BreadcrumbList\",\"@id\":\"https:\\\/\\\/vendemivivienda.com\\\/sv\\\/home\\\/#breadcrumb\",\"itemListElement\":[{\"@type\":\"ListItem\",\"position\":1,\"name\":\"Portada\",\"item\":\"https:\\\/\\\/vendemivivienda.com\\\/sv\\\/home\\\/\"},{\"@type\":\"ListItem\",\"position\":2,\"name\":\"HOME\"}]},{\"@type\":\"WebSite\",\"@id\":\"https:\\\/\\\/vendemivivienda.com\\\/sv\\\/#website\",\"url\":\"https:\\\/\\\/vendemivivienda.com\\\/sv\\\/\",\"name\":\"VENDE MI VIVIENDA\",\"description\":\"Vende casa o piso r\u00e1pidamente\",\"potentialAction\":[{\"@type\":\"SearchAction\",\"target\":{\"@type\":\"EntryPoint\",\"urlTemplate\":\"https:\\\/\\\/vendemivivienda.com\\\/sv\\\/?s={search_term_string}\"},\"query-input\":{\"@type\":\"PropertyValueSpecification\",\"valueRequired\":true,\"valueName\":\"search_term_string\"}}],\"inLanguage\":\"sv-SE\"}]}<\/script>\n<!-- \/ Yoast SEO plugin. -->","yoast_head_json":{"title":"HOME - VENDE MI VIVIENDA","robots":{"index":"index","follow":"follow","max-snippet":"max-snippet:-1","max-image-preview":"max-image-preview:large","max-video-preview":"max-video-preview:-1"},"canonical":"https:\/\/vendemivivienda.com\/sv\/home\/","og_locale":"sv_SE","og_type":"article","og_title":"HOME - VENDE MI VIVIENDA","og_url":"https:\/\/vendemivivienda.com\/sv\/home\/","og_site_name":"VENDE MI VIVIENDA","article_modified_time":"2026-04-24T18:18:00+00:00","twitter_card":"summary_large_image","twitter_misc":{"Ber\u00e4knad l\u00e4stid":"2 minuter"},"schema":{"@context":"https:\/\/schema.org","@graph":[{"@type":"WebPage","@id":"https:\/\/vendemivivienda.com\/sv\/home\/","url":"https:\/\/vendemivivienda.com\/sv\/home\/","name":"HOME - VENDE MI VIVIENDA","isPartOf":{"@id":"https:\/\/vendemivivienda.com\/sv\/#website"},"datePublished":"2023-05-23T09:50:59+00:00","dateModified":"2026-04-24T18:18:00+00:00","breadcrumb":{"@id":"https:\/\/vendemivivienda.com\/sv\/home\/#breadcrumb"},"inLanguage":"sv-SE","potentialAction":[{"@type":"ReadAction","target":["https:\/\/vendemivivienda.com\/sv\/home\/"]}]},{"@type":"BreadcrumbList","@id":"https:\/\/vendemivivienda.com\/sv\/home\/#breadcrumb","itemListElement":[{"@type":"ListItem","position":1,"name":"Portada","item":"https:\/\/vendemivivienda.com\/sv\/home\/"},{"@type":"ListItem","position":2,"name":"HOME"}]},{"@type":"WebSite","@id":"https:\/\/vendemivivienda.com\/sv\/#website","url":"https:\/\/vendemivivienda.com\/sv\/","name":"VENDE MI VIVIENDA","description":"Vende casa o piso r\u00e1pidamente","potentialAction":[{"@type":"SearchAction","target":{"@type":"EntryPoint","urlTemplate":"https:\/\/vendemivivienda.com\/sv\/?s={search_term_string}"},"query-input":{"@type":"PropertyValueSpecification","valueRequired":true,"valueName":"search_term_string"}}],"inLanguage":"sv-SE"}]}},"_links":{"self":[{"href":"https:\/\/vendemivivienda.com\/sv\/wp-json\/wp\/v2\/pages\/3823","targetHints":{"allow":["GET"]}}],"collection":[{"href":"https:\/\/vendemivivienda.com\/sv\/wp-json\/wp\/v2\/pages"}],"about":[{"href":"https:\/\/vendemivivienda.com\/sv\/wp-json\/wp\/v2\/types\/page"}],"author":[{"embeddable":true,"href":"https:\/\/vendemivivienda.com\/sv\/wp-json\/wp\/v2\/users\/1"}],"replies":[{"embeddable":true,"href":"https:\/\/vendemivivienda.com\/sv\/wp-json\/wp\/v2\/comments?post=3823"}],"version-history":[{"count":1,"href":"https:\/\/vendemivivienda.com\/sv\/wp-json\/wp\/v2\/pages\/3823\/revisions"}],"predecessor-version":[{"id":3836,"href":"https:\/\/vendemivivienda.com\/sv\/wp-json\/wp\/v2\/pages\/3823\/revisions\/3836"}],"wp:attachment":[{"href":"https:\/\/vendemivivienda.com\/sv\/wp-json\/wp\/v2\/media?parent=3823"}],"curies":[{"name":"wp","href":"https:\/\/api.w.org\/{rel}","templated":true}]}}